{"id":19243,"date":"2024-04-17T17:50:10","date_gmt":"2024-04-17T15:50:10","guid":{"rendered":"https:\/\/www.accounting-for-transparency.de\/?page_id=19243"},"modified":"2026-03-13T15:59:45","modified_gmt":"2026-03-13T14:59:45","slug":"covid-19-und-andere-krisen","status":"publish","type":"page","link":"https:\/\/www.accounting-for-transparency.de\/de\/covid-19-und-andere-krisen\/","title":{"rendered":"Covid-19 und andere Krisen"},"content":{"rendered":"\n<div style=\"height:100px\" aria-hidden=\"true\" class=\"wp-block-spacer\"><\/div>\n\n\n<div class=\"wp-block-image\">\n<figure class=\"aligncenter size-full is-resized\"><img loading=\"lazy\" decoding=\"async\" width=\"422\" height=\"422\" src=\"https:\/\/www.accounting-for-transparency.de\/wp-content\/uploads\/2024\/01\/vorlage_projet_icons-1.png\" alt=\"\" class=\"wp-image-18643\" style=\"width:150px\" srcset=\"https:\/\/www.accounting-for-transparency.de\/wp-content\/uploads\/2024\/01\/vorlage_projet_icons-1.png 422w, https:\/\/www.accounting-for-transparency.de\/wp-content\/uploads\/2024\/01\/vorlage_projet_icons-1-300x300.png 300w, https:\/\/www.accounting-for-transparency.de\/wp-content\/uploads\/2024\/01\/vorlage_projet_icons-1-150x150.png 150w, https:\/\/www.accounting-for-transparency.de\/wp-content\/uploads\/2024\/01\/vorlage_projet_icons-1-32x32.png 32w\" sizes=\"auto, (max-width: 422px) 100vw, 422px\" \/><\/figure>\n<\/div>\n\n\n<h1 class=\"wp-block-heading has-text-align-center\" style=\"font-size:30px\">Erfolgreich durch die Krise<\/h1>\n\n\n\n<p class=\"has-text-align-center has-large-font-size\"><em>Ob Covid-19-Pandemie, Ukraine-Krieg oder die Konflikte im Jemen und anderen Teilen der Welt \u2013 die Krisen der vergangenen Jahre haben viele Ver\u00e4nderungen mit sich gebracht und Wirtschaft, Gesellschaft und Politik vor immer neue Herausforderungen und Fragen gestellt. Wann droht die gro\u00dfe Insolvenzwelle? Wie hilft man Unternehmen am besten durch die Krise? Und welche Auswirkungen haben Homeoffice &amp; Co. auf Mitarbeitende und Produktivit\u00e4t im Unternehmen? Diesen und weiteren Fragen sind die Forschenden des TRR 266 in Bezug auf Covid-19 und andere Krisen nachgegangen.<\/em><\/p>\n\n\n\n<div style=\"height:100px\" aria-hidden=\"true\" class=\"wp-block-spacer\"><\/div>\n\n\n\n<div class=\"wp-block-cover alignfull has-parallax\"><div class=\"wp-block-cover__image-background wp-image-19254 has-parallax\" style=\"background-position:50% 50%;background-image:url(https:\/\/www.accounting-for-transparency.de\/wp-content\/uploads\/2024\/02\/forest-simon-ZzOtl6FSpLs-unsplash-1-scaled.jpg)\"><\/div><span aria-hidden=\"true\" class=\"wp-block-cover__background has-background-dim\"><\/span><div class=\"wp-block-cover__inner-container is-layout-constrained wp-block-cover-is-layout-constrained\">\n<h2 class=\"wp-block-heading has-text-align-center has-large-font-size\"><br><strong>Welche Rettungsma\u00dfnahmen helfen in der Krise?<\/strong><\/h2>\n\n\n\n<div class=\"wp-block-columns is-layout-flex wp-container-core-columns-is-layout-9d6595d7 wp-block-columns-is-layout-flex\">\n<div class=\"wp-block-column is-layout-flow wp-block-column-is-layout-flow\" style=\"flex-basis:25%\"><\/div>\n\n\n\n<div class=\"wp-block-column is-layout-flow wp-block-column-is-layout-flow\" style=\"flex-basis:50%\">\n<p class=\"has-text-align-center\" style=\"font-size:24px\"><em>Wenn es zur Krise kommt, \u00e4ndern sich viele Dinge pl\u00f6tzlich. Diese Ver\u00e4nderungen sind f\u00fcr Unternehmen oft mit gro\u00dfen finanziellen und b\u00fcrokratischen H\u00fcrden verbunden. Oft ist sogar die Wirtschaft insgesamt gef\u00e4hrdet. Die Gefahr, dass sich angeschlagene Unternehmen gegenseitig in den Abgrund rei\u00dfen, ist gro\u00df. Deshalb entscheiden sich Regierungen immer wieder dazu, einzugreifen und den Unternehmen zu helfen \u2013 mit einer ganzen Reihe von Hilfsma\u00dfnahmen. Doch wie effektiv sind diese Ma\u00dfnahmen? Helfen sie der Wirtschaft aus der Krise? Oder sind sie nur ein Tropfen auf den hei\u00dfen Stein? Das hat der TRR 266 f\u00fcr unterschiedliche Hilfsma\u00dfnahmen untersucht, die w\u00e4hrend der Corona-Pandemie, des Ukraine-Kriegs und der Finanzkrise ergriffen wurden.<\/em><br><\/p>\n<\/div>\n\n\n\n<div class=\"wp-block-column is-layout-flow wp-block-column-is-layout-flow\" style=\"flex-basis:25%\"><\/div>\n<\/div>\n<\/div><\/div>\n\n\n\n<div style=\"height:100px\" aria-hidden=\"true\" class=\"wp-block-spacer\"><\/div>\n\n\n\n<div class=\"wp-block-columns alignfull is-layout-flex wp-container-core-columns-is-layout-9d6595d7 wp-block-columns-is-layout-flex\">\n<div class=\"wp-block-column is-layout-flow wp-block-column-is-layout-flow\" style=\"flex-basis:5%\"><\/div>\n\n\n\n<div class=\"wp-block-column is-layout-flow wp-block-column-is-layout-flow\" style=\"flex-basis:15%\">\n<figure class=\"wp-block-image size-full is-resized\"><a href=\"https:\/\/www.accounting-for-transparency.de\/projects\/tax-burden-transparency\/\"><img loading=\"lazy\" decoding=\"async\" width=\"422\" height=\"422\" src=\"https:\/\/www.accounting-for-transparency.de\/wp-content\/uploads\/2024\/01\/vorlage_projet_icons15.png\" alt=\"\" class=\"wp-image-18499\" style=\"width:200px\" srcset=\"https:\/\/www.accounting-for-transparency.de\/wp-content\/uploads\/2024\/01\/vorlage_projet_icons15.png 422w, https:\/\/www.accounting-for-transparency.de\/wp-content\/uploads\/2024\/01\/vorlage_projet_icons15-300x300.png 300w, https:\/\/www.accounting-for-transparency.de\/wp-content\/uploads\/2024\/01\/vorlage_projet_icons15-150x150.png 150w, https:\/\/www.accounting-for-transparency.de\/wp-content\/uploads\/2024\/01\/vorlage_projet_icons15-32x32.png 32w\" sizes=\"auto, (max-width: 422px) 100vw, 422px\" \/><\/a><\/figure>\n<\/div>\n\n\n\n<div class=\"wp-block-column is-layout-flow wp-block-column-is-layout-flow\" style=\"flex-basis:30%\">\n<h3 class=\"wp-block-heading\" style=\"font-size:24px\"><strong>Welche steuerlichen Ma\u00dfnahmen haben Unternehmen durch die Pandemie geholfen?<\/strong><\/h3>\n\n\n\n<p style=\"font-size:20px\">Schnelle und unb\u00fcrokratische Hilfe \u2013 das wurde den Unternehmen in der Corona-Krise versprochen. Doch nicht alle steuerlichen Ma\u00dfnahmen der deutschen Regierung wurden von Unternehmen als hilfreich empfunden. Das haben die Forschenden des Projekts <a href=\"https:\/\/www.accounting-for-transparency.de\/projects\/tax-burden-transparency\/\">B08 \u201eTax Burden Transparency\u201c<\/a> in einer Studie herausgefunden. In der Studie wurden Unternehmen zu steuerlichen Hilfsma\u00dfnahmen w\u00e4hrend der Corona-Pandemie und zu ihrem steuerlichen Verwaltungsaufwand befragt. Die Studie zeigt: W\u00e4hrend die M\u00f6glichkeit einer Sonderabschreibung und erweiterter Verlustr\u00fccktr\u00e4ge von den befragten Unternehmen als besonders hilfreich angesehen wurden, wurde die vor\u00fcbergehende Senkung des Mehrwertsteuersatzes von den meisten Befragten als wenig bzw. nicht n\u00fctzlich bewertet. Dagegen h\u00e4tten die Unternehmen eine tempor\u00e4re Reduktion ihrer Ertragsteuerbelastung als n\u00fctzlich eingestuft. Die Studie macht au\u00dferdem deutlich, dass der steuerliche Verwaltungsaufwand auch unabh\u00e4ngig von Krisenzeiten f\u00fcr die Unternehmen eine enorme administrative Belastung darstellen.<\/p>\n<\/div>\n\n\n\n<div class=\"wp-block-column is-layout-flow wp-block-column-is-layout-flow\" style=\"flex-basis:5%\"><\/div>\n\n\n\n<div class=\"wp-block-column is-layout-flow wp-block-column-is-layout-flow\" style=\"flex-basis:30%\"><div id=\"block_11609d6962798e52148dc44795629d00\" class=\"c-block c-block--relations\">\n\n            <div class=\"trr-swiper trr-swiper--block\">\n            <div class=\"swiper trr-swiper__container\">\n                <div class=\"swiper-wrapper trr-swiper__wrapper\">\n                                                                    \n                        \n                        <div class=\"swiper-slide trr-swiper__slide\">\n                            \n<article class=\"c-tease c-tease--pub\">\n  <h3 class=\"c-tease__title c-tease__title--pub\"><a href=\"https:\/\/www.accounting-for-transparency.de\/de\/publications\/steuerliche-masnahmen-als-nutzliches-mittel-zur-bewaltigung-der-corona-krise-ergebnisse-einer-unternehmensbefragung\/\">Steuerliche Ma\u00dfnahmen als n\u00fctzliches Mittel zur Bew\u00e4ltigung der Corona-Krise? &#8211; Ergebnisse einer Unternehmensbefragung<\/a><\/h3>\n      \n    <span class=\"c-tease__meta\">Deutsches Steuerrecht<\/span>\n    <div class=\"c-tease__row\">\n    <small class=\"c-tease__sub\">\n                    <span class=\"c-tease__time\">2020<\/span>\n                    <span>Professional Journal<\/span>\n          <\/small>\n    \n            \n  <\/div>\n  \n<div class=\"c-profile-group\">\n          \n    <div class=\"c-profile\" title=\"Vanessa Heinemann-Heile\">\n                      \n    \n    \n    \n                                    \n                                        \n        \n        <div class=\"c-img c-img--bg c-profile__img\"\n             style=\"--img-aspect: 1;\">\n            <div class=\"c-img__wrapper \">\n                <div class=\"c-img__full u-lazy\" data-background-image-set=\"url(https:\/\/www.accounting-for-transparency.de\/wp-content\/uploads\/2020\/05\/heile-128x0-c-default.png) 1x\"><\/div>\n                <div class=\"c-img__placeholder\"\n                     style=\"background-image: url('https:\/\/www.accounting-for-transparency.de\/wp-content\/uploads\/2020\/05\/heile-32x0-c-default.png');\"><\/div>\n            <\/div>\n        <\/div>\n    \n                <\/div>\n          \n    <div class=\"c-profile\" title=\"Ralf Maiterth\">\n                      \n    \n    \n    \n                                    \n                                        \n        \n        <div class=\"c-img c-img--bg c-profile__img\"\n             style=\"--img-aspect: 1.0051813471503;\">\n            <div class=\"c-img__wrapper \">\n                <div class=\"c-img__full u-lazy\" data-background-image-set=\"url(https:\/\/www.accounting-for-transparency.de\/wp-content\/uploads\/2020\/05\/Maiterth-128x0-c-default.png) 1x\"><\/div>\n                <div class=\"c-img__placeholder\"\n                     style=\"background-image: url('https:\/\/www.accounting-for-transparency.de\/wp-content\/uploads\/2020\/05\/Maiterth-32x0-c-default.png');\"><\/div>\n            <\/div>\n        <\/div>\n    \n                <\/div>\n          \n    <div class=\"c-profile\" title=\"Caren Sureth-Sloane\">\n                      \n    \n    \n    \n                                    \n                                        \n        \n        <div class=\"c-img c-img--bg c-profile__img\"\n             style=\"--img-aspect: 1;\">\n            <div class=\"c-img__wrapper \">\n                <div class=\"c-img__full u-lazy\" data-background-image-set=\"url(https:\/\/www.accounting-for-transparency.de\/wp-content\/uploads\/2024\/08\/sureth_neu-128x0-c-default.png) 1x\"><\/div>\n                <div class=\"c-img__placeholder\"\n                     style=\"background-image: url('https:\/\/www.accounting-for-transparency.de\/wp-content\/uploads\/2024\/08\/sureth_neu-32x0-c-default.png');\"><\/div>\n            <\/div>\n        <\/div>\n    \n                <\/div>\n    <\/div>\n  <a class=\"c-tease__link\" href=\"https:\/\/www.accounting-for-transparency.de\/de\/publications\/steuerliche-masnahmen-als-nutzliches-mittel-zur-bewaltigung-der-corona-krise-ergebnisse-einer-unternehmensbefragung\/\">\n  <span>Weiterlesen<\/span>\n  <svg>\n    <use xlink:href=\"#arrow-right-long\"><\/use>\n  <\/svg>\n<\/a>\n<\/article>\n                        <\/div>\n                                                                    \n                        \n                        <div class=\"swiper-slide trr-swiper__slide\">\n                            <article class=\"c-tease c-tease--news\" id=\"tease-3329\">\n    <div class=\"c-tease__content c-tease__content--news\">\n    <h3 class=\"c-tease__title c-tease__title--news\"><a href=\"https:\/\/www.accounting-for-transparency.de\/de\/news\/administrative-belastung-und-steuererleichterungen-in-der-corona-krise\/\">Administrative Belastung und Steuererleichterungen in der Corona-Krise<\/a><\/h3>\n    <small class=\"c-tease__sub\">\n      <time class=\"c-tease__time c-txt--upper\" datetime=\"19. August 2020\">19. August 2020<\/time>\n    <\/small>\n    <a class=\"c-tease__link c-tease__link--invert\" href=\"https:\/\/www.accounting-for-transparency.de\/de\/news\/administrative-belastung-und-steuererleichterungen-in-der-corona-krise\/\">\n      <span>Weiterlesen<\/span>\n      <svg>\n        <use xlink:href=\"#arrow-right-long\"><\/use>\n      <\/svg>\n    <\/a>\n  <\/div>\n<\/article>\n                        <\/div>\n                                    <\/div>\n            <\/div>\n\n                            <div class=\"trr-swiper__controls c-slider__controls\">\n                    <button class=\"trr-swiper__button trr-swiper__button--prev c-slider__arrow\">\n                        <svg class=\"c-icon c-icon--arrow\">\n                            <use xlink:href=\"#chevron-left\"><\/use>\n                        <\/svg>\n                    <\/button>\n                    <div class=\"trr-swiper__scrollbar swiper-scrollbar\">\n                    <\/div>\n                    <button class=\"trr-swiper__button trr-swiper__button--next c-slider__arrow\">\n                        <svg class=\"c-icon c-icon--arrow\">\n                            <use xlink:href=\"#chevron-right\"><\/use>\n                        <\/svg>\n                    <\/button>\n                <\/div>\n                    <\/div>\n    <\/div>\n<\/div>\n\n\n\n<div class=\"wp-block-column is-layout-flow wp-block-column-is-layout-flow\" style=\"flex-basis:5%\"><\/div>\n<\/div>\n\n\n\n<div style=\"height:100px\" aria-hidden=\"true\" class=\"wp-block-spacer\"><\/div>\n\n\n\n<div class=\"wp-block-columns alignfull is-layout-flex wp-container-core-columns-is-layout-9d6595d7 wp-block-columns-is-layout-flex\">\n<div class=\"wp-block-column is-layout-flow wp-block-column-is-layout-flow\" style=\"flex-basis:5%\"><\/div>\n\n\n\n<div class=\"wp-block-column is-layout-flow wp-block-column-is-layout-flow\" style=\"flex-basis:15%\">\n<figure class=\"wp-block-image size-full is-resized\"><a href=\"https:\/\/www.accounting-for-transparency.de\/projects\/german-business-panel\/\"><img loading=\"lazy\" decoding=\"async\" width=\"422\" height=\"422\" src=\"https:\/\/www.accounting-for-transparency.de\/wp-content\/uploads\/2024\/01\/vorlage_projet_icons3.png\" alt=\"\" class=\"wp-image-18475\" style=\"width:200px\" srcset=\"https:\/\/www.accounting-for-transparency.de\/wp-content\/uploads\/2024\/01\/vorlage_projet_icons3.png 422w, https:\/\/www.accounting-for-transparency.de\/wp-content\/uploads\/2024\/01\/vorlage_projet_icons3-300x300.png 300w, https:\/\/www.accounting-for-transparency.de\/wp-content\/uploads\/2024\/01\/vorlage_projet_icons3-150x150.png 150w, https:\/\/www.accounting-for-transparency.de\/wp-content\/uploads\/2024\/01\/vorlage_projet_icons3-32x32.png 32w\" sizes=\"auto, (max-width: 422px) 100vw, 422px\" \/><\/a><\/figure>\n<\/div>\n\n\n\n<div class=\"wp-block-column is-layout-flow wp-block-column-is-layout-flow\" style=\"flex-basis:30%\">\n<h3 class=\"wp-block-heading\" style=\"font-size:24px\"><strong>Wie wirksam waren die staatlichen Corona-Hilfen f\u00fcr Unternehmen?<\/strong><\/h3>\n\n\n\n<p style=\"font-size:20px\">Gerade in wirtschaftlich unsicheren Zeiten ist es entscheidend, schnell mit gezielten und wirksamen Hilfsma\u00dfnahmen auf die Krise zu reagieren. Dies kann nur mit einer soliden Faktenlage funktionieren.W\u00e4hrend der Pandemie hat das <a href=\"https:\/\/www.accounting-for-transparency.de\/projects\/german-business-panel\/\">German Business Panel<\/a> (GBP), das Unternehmen regelm\u00e4\u00dfig zu aktuellen Themen der Wirtschaftspolitik befragt, Unternehmen danach gefragt, wie sie die staatlichen Hilfsma\u00dfnahmen bewerten. Durch ihre Befragungen konnten die Forschenden ermitteln, wie stark die Unternehmen von der Krise betroffen waren und wie zielgerichtet und wirksam die staatlichen Hilfsma\u00dfnahmen f\u00fcr Unternehmen waren.<\/p>\n\n\n\n<p><\/p>\n\n\n\n<p style=\"font-size:20px\">Der erste Bericht \u00fcber die Covid-19-Pandemie erschien im September 2020 und ist <a href=\"https:\/\/gbpanel.org\/gbp_studies\/erste-coronavirus-befragung\">HIER<\/a> zu finden. <\/p>\n\n\n\n<p><\/p>\n\n\n\n<p style=\"font-size:20px\">Den zweiten Bericht f\u00fcr Ende 2020 und das gesamte Jahr 2021 finden Sie <a href=\"https:\/\/gbpanel.org\/gbp_studies\/zweite-coronavirus-befragung\">HIER<\/a>.<\/p>\n<\/div>\n\n\n\n<div class=\"wp-block-column is-layout-flow wp-block-column-is-layout-flow\" style=\"flex-basis:5%\"><\/div>\n\n\n\n<div class=\"wp-block-column is-layout-flow wp-block-column-is-layout-flow\" style=\"flex-basis:30%\">\n<figure class=\"wp-block-embed is-type-video is-provider-youtube wp-block-embed-youtube wp-embed-aspect-16-9 wp-has-aspect-ratio\"><div class=\"wp-block-embed__wrapper\">\n<div hcb-fetch-image-from=\"https:\/\/www.youtube.com\/watch?v=M_ZvpqwRQMk\" class=\"c-embed c-embed--video\"><iframe loading=\"lazy\" title=\"Davud Rostam-Afschar - German Business Panel\" width=\"500\" height=\"281\" src=\"https:\/\/www.youtube.com\/embed\/M_ZvpqwRQMk?feature=oembed\" frameborder=\"0\" allow=\"accelerometer; autoplay; clipboard-write; encrypted-media; gyroscope; picture-in-picture; web-share\" referrerpolicy=\"strict-origin-when-cross-origin\" allowfullscreen><\/iframe><\/div>\n<\/div><\/figure>\n<\/div>\n\n\n\n<div class=\"wp-block-column is-layout-flow wp-block-column-is-layout-flow\" style=\"flex-basis:5%\"><\/div>\n<\/div>\n\n\n\n<div style=\"height:100px\" aria-hidden=\"true\" class=\"wp-block-spacer\"><\/div>\n\n\n\n<div class=\"wp-block-columns alignfull is-layout-flex wp-container-core-columns-is-layout-9d6595d7 wp-block-columns-is-layout-flex\">\n<div class=\"wp-block-column is-layout-flow wp-block-column-is-layout-flow\" style=\"flex-basis:5%\"><\/div>\n\n\n\n<div class=\"wp-block-column is-layout-flow wp-block-column-is-layout-flow\" style=\"flex-basis:15%\">\n<figure class=\"wp-block-image size-full is-resized\"><a href=\"https:\/\/www.accounting-for-transparency.de\/projects\/determinants-of-mandatory-disclosure\/\"><img loading=\"lazy\" decoding=\"async\" width=\"422\" height=\"422\" src=\"https:\/\/www.accounting-for-transparency.de\/wp-content\/uploads\/2024\/01\/vorlage_projet_icons14.png\" alt=\"\" class=\"wp-image-18497\" style=\"width:200px\" srcset=\"https:\/\/www.accounting-for-transparency.de\/wp-content\/uploads\/2024\/01\/vorlage_projet_icons14.png 422w, https:\/\/www.accounting-for-transparency.de\/wp-content\/uploads\/2024\/01\/vorlage_projet_icons14-300x300.png 300w, https:\/\/www.accounting-for-transparency.de\/wp-content\/uploads\/2024\/01\/vorlage_projet_icons14-150x150.png 150w, https:\/\/www.accounting-for-transparency.de\/wp-content\/uploads\/2024\/01\/vorlage_projet_icons14-32x32.png 32w\" sizes=\"auto, (max-width: 422px) 100vw, 422px\" \/><\/a><\/figure>\n\n\n\n<div style=\"height:50px\" aria-hidden=\"true\" class=\"wp-block-spacer\"><\/div>\n\n\n\n<figure class=\"wp-block-image size-full is-resized\"><a href=\"https:\/\/www.accounting-for-transparency.de\/projects\/standardization-of-accounting-language-in-financial-disclosures\/\"><img loading=\"lazy\" decoding=\"async\" width=\"422\" height=\"422\" src=\"https:\/\/www.accounting-for-transparency.de\/wp-content\/uploads\/2024\/01\/vorlage_projet_icons7.png\" alt=\"\" class=\"wp-image-18483\" style=\"width:200px\" srcset=\"https:\/\/www.accounting-for-transparency.de\/wp-content\/uploads\/2024\/01\/vorlage_projet_icons7.png 422w, https:\/\/www.accounting-for-transparency.de\/wp-content\/uploads\/2024\/01\/vorlage_projet_icons7-300x300.png 300w, https:\/\/www.accounting-for-transparency.de\/wp-content\/uploads\/2024\/01\/vorlage_projet_icons7-150x150.png 150w, https:\/\/www.accounting-for-transparency.de\/wp-content\/uploads\/2024\/01\/vorlage_projet_icons7-32x32.png 32w\" sizes=\"auto, (max-width: 422px) 100vw, 422px\" \/><\/a><\/figure>\n\n\n\n<div style=\"height:50px\" aria-hidden=\"true\" class=\"wp-block-spacer\"><\/div>\n\n\n\n<figure class=\"wp-block-image size-full is-resized\"><a href=\"https:\/\/www.accounting-for-transparency.de\/projects\/voluntary-disclosure\/\"><img loading=\"lazy\" decoding=\"async\" width=\"422\" height=\"422\" src=\"https:\/\/www.accounting-for-transparency.de\/wp-content\/uploads\/2024\/01\/vorlage_projet_icons6.png\" alt=\"\" class=\"wp-image-18481\" style=\"width:200px\" srcset=\"https:\/\/www.accounting-for-transparency.de\/wp-content\/uploads\/2024\/01\/vorlage_projet_icons6.png 422w, https:\/\/www.accounting-for-transparency.de\/wp-content\/uploads\/2024\/01\/vorlage_projet_icons6-300x300.png 300w, https:\/\/www.accounting-for-transparency.de\/wp-content\/uploads\/2024\/01\/vorlage_projet_icons6-150x150.png 150w, https:\/\/www.accounting-for-transparency.de\/wp-content\/uploads\/2024\/01\/vorlage_projet_icons6-32x32.png 32w\" sizes=\"auto, (max-width: 422px) 100vw, 422px\" \/><\/a><\/figure>\n<\/div>\n\n\n\n<div class=\"wp-block-column is-layout-flow wp-block-column-is-layout-flow\" style=\"flex-basis:30%\">\n<h3 class=\"wp-block-heading\" style=\"font-size:24px\"><strong>Lockerung der Bilanzierungsvorschriften: wirksame Hilfe f\u00fcr Banken in der Krise?<\/strong><\/h3>\n\n\n\n<p style=\"font-size:20px\">W\u00e4hrend der COVID-19-Pandemie entschieden sich sowohl die US-Regierung als auch die Europ\u00e4ische Zentralbank daf\u00fcr, Bilanzierungsstandards zu lockern, um das Eigenkapital der Banken buchhalterisch zu erh\u00f6hen. Dies ist eine beliebte Methode, die Banken durch die Krise helfen und so die Stabilit\u00e4t der Finanzm\u00e4rkte gew\u00e4hrleisten soll. Doch handelt es sich hierbei wirklich um eine effektive Strategie? Forschende der Projekte &nbsp;<a href=\"https:\/\/www.accounting-for-transparency.de\/projects\/determinants-of-mandatory-disclosure\/\">A01 \u201cDeterminants of Mandatory Disclosure\u201d<\/a>, <a href=\"https:\/\/www.accounting-for-transparency.de\/projects\/standardization-of-accounting-language-in-financial-disclosures\/\">A08 \u201cStandardization of Financial and Nonfinancial Information\u201d<\/a>und <a href=\"https:\/\/www.accounting-for-transparency.de\/projects\/voluntary-disclosure\/\">A09 \u201cDisclosure Tasks\u201d<\/a> haben am Beispiel der Finanzkrise 2008 untersucht, ob die Lockerung von Bilanzierungsvorschriften tats\u00e4chlich zur Stabilisierung von Banken in Krisenzeiten beitr\u00e4gt. Die Studie zeigt, dass derartige Eingriffe nur wirksam sind, wenn Regulierer gleichzeitig mehrere Rettungsma\u00dfnahmen durchf\u00fchren, um eine Abw\u00e4rtsspirale zu unterbrechen.<br><br><\/p>\n\n\n\n<p><br><br><\/p>\n<\/div>\n\n\n\n<div class=\"wp-block-column is-layout-flow wp-block-column-is-layout-flow\" style=\"flex-basis:5%\"><\/div>\n\n\n\n<div class=\"wp-block-column is-layout-flow wp-block-column-is-layout-flow\" style=\"flex-basis:30%\"><div id=\"block_5ae99e0cb66625d2862f1418d37a3e7b\" class=\"c-block c-block--relations\">\n\n            <div class=\"trr-swiper trr-swiper--block\" data-slider-options='{\"autoHeight\": true, \"breakpoints\": { \"1024\": { \"slidesPerView\": 1 } } }'>\n            <div class=\"swiper trr-swiper__container\">\n                <div class=\"swiper-wrapper trr-swiper__wrapper\">\n                                                                    \n                        \n                        <div class=\"swiper-slide trr-swiper__slide\">\n                            <article class=\"c-tease c-tease--post\" id=\"tease-11909\">\n    <div class=\"c-tease__content c-tease__content--post\">\n    <h3 class=\"c-tease__title c-tease__title--post\"><a\n        href=\"https:\/\/www.accounting-for-transparency.de\/de\/wirksame-therapie-oder-placebo-hilft-es-banken-durch-die-krise-wenn-sie-ihre-verluste-nicht-mehr-bilanzieren-muessen\/\">Wirksame Therapie oder Placebo: Hilft es Banken durch die Krise, wenn sie ihre Verluste nicht mehr bilanzieren m\u00fcssen?<\/a><\/h3>\n    <time class=\"c-tease__date\" datetime=\"2022-12-01\">\n      <svg>\n        <use xlink:href=\"#cal\"><\/use>\n      <\/svg>\n\n      <span>01. Dezember 2022<\/span>\n    <\/time>\n    <div class=\"c-tease__authors\">\n      \n<div class=\"c-profile-group\">\n          \n    <div class=\"c-profile\" title=\"Ulf Br\u00fcggemann\">\n                      \n    \n    \n    \n                                    \n                                        \n        \n        <div class=\"c-img c-img--bg c-profile__img\"\n             style=\"--img-aspect: 1;\">\n            <div class=\"c-img__wrapper \">\n                <div class=\"c-img__full u-lazy\" data-background-image-set=\"url(https:\/\/www.accounting-for-transparency.de\/wp-content\/uploads\/2020\/05\/Bru\u0308ggemann-128x0-c-default.png) 1x\"><\/div>\n                <div class=\"c-img__placeholder\"\n                     style=\"background-image: url('https:\/\/www.accounting-for-transparency.de\/wp-content\/uploads\/2020\/05\/Bru\u0308ggemann-32x0-c-default.png');\"><\/div>\n            <\/div>\n        <\/div>\n    \n                <\/div>\n          \n    <div class=\"c-profile\" title=\"Jannis Bischof\">\n                      \n    \n    \n    \n                                    \n                                        \n        \n        <div class=\"c-img c-img--bg c-profile__img\"\n             style=\"--img-aspect: 1;\">\n            <div class=\"c-img__wrapper \">\n                <div class=\"c-img__full u-lazy\" data-background-image-set=\"url(https:\/\/www.accounting-for-transparency.de\/wp-content\/uploads\/2022\/11\/Bischof_new_2-128x0-c-default.png) 1x\"><\/div>\n                <div class=\"c-img__placeholder\"\n                     style=\"background-image: url('https:\/\/www.accounting-for-transparency.de\/wp-content\/uploads\/2022\/11\/Bischof_new_2-32x0-c-default.png');\"><\/div>\n            <\/div>\n        <\/div>\n    \n                <\/div>\n          \n    <div class=\"c-profile\" title=\"Holger Daske\">\n                      \n    \n    \n    \n                                    \n                                        \n        \n        <div class=\"c-img c-img--bg c-profile__img\"\n             style=\"--img-aspect: 1;\">\n            <div class=\"c-img__wrapper \">\n                <div class=\"c-img__full u-lazy\" data-background-image-set=\"url(https:\/\/www.accounting-for-transparency.de\/wp-content\/uploads\/2020\/05\/Daske-128x0-c-default.png) 1x\"><\/div>\n                <div class=\"c-img__placeholder\"\n                     style=\"background-image: url('https:\/\/www.accounting-for-transparency.de\/wp-content\/uploads\/2020\/05\/Daske-32x0-c-default.png');\"><\/div>\n            <\/div>\n        <\/div>\n    \n                <\/div>\n    <\/div>\n    <\/div>\n    <p class=\"c-tease__excerpt\">Allheilmittel oder Placebo? Ulf Br\u00fcggemann, Jannis Bischof &#038; Holger Daske zeigen, ob eine Aufweichung von Bilanzierungsstandards Banken durch die Krise hilft. Ein dr\u00e4ngendes Thema, das COVID19 zur\u00fcck auf die Tagesordnung gebracht hat.<\/p>\n    <a class=\"c-tease__link\" href=\"https:\/\/www.accounting-for-transparency.de\/de\/wirksame-therapie-oder-placebo-hilft-es-banken-durch-die-krise-wenn-sie-ihre-verluste-nicht-mehr-bilanzieren-muessen\/\">\n  <span>Weiterlesen<\/span>\n  <svg>\n    <use xlink:href=\"#arrow-right-long\"><\/use>\n  <\/svg>\n<\/a>\n  <\/div>\n              \n    \n                \n    \n    \n                                        \n        \n        <div class=\"c-img c-img--bg c-tease__img\"\n             style=\"\">\n            <div class=\"c-img__wrapper u-aspect u-aspect--50\">\n                <div class=\"c-img__full u-lazy\" data-background-image-set=\"url(https:\/\/www.accounting-for-transparency.de\/wp-content\/uploads\/2022\/12\/blog_33_4neu-640x0-c-default.jpg) 1x\"><\/div>\n                <div class=\"c-img__placeholder\"\n                     style=\"background-image: url('https:\/\/www.accounting-for-transparency.de\/wp-content\/uploads\/2022\/12\/blog_33_4neu-32x0-c-default.jpg'); filter: blur(0.25rem);\"><\/div>\n            <\/div>\n        <\/div>\n    \n  <\/article>\n                        <\/div>\n                                                                    \n                        \n                        <div class=\"swiper-slide trr-swiper__slide\">\n                            \n<article class=\"c-tease c-tease--pub\">\n  <h3 class=\"c-tease__title c-tease__title--pub\"><a href=\"https:\/\/www.accounting-for-transparency.de\/de\/publications\/asset-reclassifications-and-bank-recapitalization-during-the-financial-crisis\/\">Asset reclassifications and bank recapitalization during the financial crisis<\/a><\/h3>\n      \n    <span class=\"c-tease__meta\">Management Science<\/span>\n    <div class=\"c-tease__row\">\n    <small class=\"c-tease__sub\">\n                    <span class=\"c-tease__time\">2022<\/span>\n                    <span>Journal Publication<\/span>\n          <\/small>\n    <div class=\"c-tease__icons\">\n                      <?xml version=\"1.0\" encoding=\"UTF-8\"?> <svg xmlns=\"http:\/\/www.w3.org\/2000\/svg\" viewBox=\"0 0 235 235\"><g data-name=\"Rechteck 1\" fill=\"#f3ce00\" stroke=\"#d9b800\" stroke-width=\"2\"><rect width=\"235\" height=\"235\" rx=\"25\" stroke=\"none\"><\/rect><rect x=\"1\" y=\"1\" width=\"233\" height=\"233\" rx=\"24\" fill=\"none\"><\/rect><\/g><path data-name=\"Pfad 1\" d=\"M126.196 143.881a25.482 25.482 0 10-18.268 0l-17.166 44.748a73.389 73.389 0 1152.6 0l-17.166-44.748\" fill=\"#3da639\"><\/path><path data-name=\"Pfad 2\" d=\"M143.363 191.255a2.624 2.624 0 01-2.45-1.684l-17.167-44.746a2.625 2.625 0 011.509-3.391 22.858 22.858 0 10-16.387 0 2.625 2.625 0 011.509 3.391L93.21 189.57a2.624 2.624 0 01-3.39 1.51 76.052 76.052 0 01-43.73-98.244 76.012 76.012 0 01140.42-3.683 76.053 76.053 0 01-42.207 101.925 2.619 2.619 0 01-.94.174zm-26.326-142a70.821 70.821 0 00-27.768 135.939l15.313-39.916a28.1 28.1 0 1124.961 0l15.312 39.91a70.835 70.835 0 00-27.819-135.936z\" fill=\"#1d531d\"><\/path><path data-name=\"Pfad 3\" d=\"M182.421 180.657a4.957 4.957 0 003.51 8.439 4.713 4.713 0 003.478-1.459 4.839 4.839 0 001.443-3.518 4.787 4.787 0 00-1.435-3.461 4.847 4.847 0 00-7 0zm7.693 7.75a5.962 5.962 0 01-10.161-4.288 5.7 5.7 0 011.864-4.353 5.854 5.854 0 014.11-1.621 5.99 5.99 0 014.183 10.262zm-3.64-6.282a2.892 2.892 0 00-1.005-.138h-.422v1.921h.673a1.609 1.609 0 00.948-.243.9.9 0 00.34-.786.758.758 0 00-.535-.754zm-3.161 5.318v-6.624h1.844q1.228 0 1.366.012a3.186 3.186 0 011.305.34 1.668 1.668 0 01.884 1.581 1.456 1.456 0 01-.466 1.208 2.161 2.161 0 01-1.147.446 2.252 2.252 0 01.94.381 1.792 1.792 0 01.584 1.483v.592a1.568 1.568 0 00.012.195 1.01 1.01 0 00.045.195l.057.186h-1.654a4.692 4.692 0 01-.105-.916 2.985 2.985 0 00-.105-.811.8.8 0 00-.486-.486 1.94 1.94 0 00-.592-.105l-.381-.024h-.365v2.343z\" fill=\"#1d531d\"><\/path><\/svg> \n              <\/div>\n  <\/div>\n  \n<div class=\"c-profile-group\">\n          \n    <div class=\"c-profile\" title=\"Jannis Bischof\">\n                      \n    \n    \n    \n                                    \n                                        \n        \n        <div class=\"c-img c-img--bg c-profile__img\"\n             style=\"--img-aspect: 1;\">\n            <div class=\"c-img__wrapper \">\n                <div class=\"c-img__full u-lazy\" data-background-image-set=\"url(https:\/\/www.accounting-for-transparency.de\/wp-content\/uploads\/2022\/11\/Bischof_new_2-128x0-c-default.png) 1x\"><\/div>\n                <div class=\"c-img__placeholder\"\n                     style=\"background-image: url('https:\/\/www.accounting-for-transparency.de\/wp-content\/uploads\/2022\/11\/Bischof_new_2-32x0-c-default.png');\"><\/div>\n            <\/div>\n        <\/div>\n    \n                <\/div>\n          \n    <div class=\"c-profile\" title=\"Ulf Br\u00fcggemann\">\n                      \n    \n    \n    \n                                    \n                                        \n        \n        <div class=\"c-img c-img--bg c-profile__img\"\n             style=\"--img-aspect: 1;\">\n            <div class=\"c-img__wrapper \">\n                <div class=\"c-img__full u-lazy\" data-background-image-set=\"url(https:\/\/www.accounting-for-transparency.de\/wp-content\/uploads\/2020\/05\/Bru\u0308ggemann-128x0-c-default.png) 1x\"><\/div>\n                <div class=\"c-img__placeholder\"\n                     style=\"background-image: url('https:\/\/www.accounting-for-transparency.de\/wp-content\/uploads\/2020\/05\/Bru\u0308ggemann-32x0-c-default.png');\"><\/div>\n            <\/div>\n        <\/div>\n    \n                <\/div>\n          \n    <div class=\"c-profile\" title=\"Holger Daske\">\n                      \n    \n    \n    \n                                    \n                                        \n        \n        <div class=\"c-img c-img--bg c-profile__img\"\n             style=\"--img-aspect: 1;\">\n            <div class=\"c-img__wrapper \">\n                <div class=\"c-img__full u-lazy\" data-background-image-set=\"url(https:\/\/www.accounting-for-transparency.de\/wp-content\/uploads\/2020\/05\/Daske-128x0-c-default.png) 1x\"><\/div>\n                <div class=\"c-img__placeholder\"\n                     style=\"background-image: url('https:\/\/www.accounting-for-transparency.de\/wp-content\/uploads\/2020\/05\/Daske-32x0-c-default.png');\"><\/div>\n            <\/div>\n        <\/div>\n    \n                <\/div>\n    <\/div>\n  <a class=\"c-tease__link\" href=\"https:\/\/www.accounting-for-transparency.de\/de\/publications\/asset-reclassifications-and-bank-recapitalization-during-the-financial-crisis\/\">\n  <span>Weiterlesen<\/span>\n  <svg>\n    <use xlink:href=\"#arrow-right-long\"><\/use>\n  <\/svg>\n<\/a>\n<\/article>\n                        <\/div>\n                                    <\/div>\n            <\/div>\n\n                            <div class=\"trr-swiper__controls c-slider__controls\">\n                    <button class=\"trr-swiper__button trr-swiper__button--prev c-slider__arrow\">\n                        <svg class=\"c-icon c-icon--arrow\">\n                            <use xlink:href=\"#chevron-left\"><\/use>\n                        <\/svg>\n                    <\/button>\n                    <div class=\"trr-swiper__scrollbar swiper-scrollbar\">\n                    <\/div>\n                    <button class=\"trr-swiper__button trr-swiper__button--next c-slider__arrow\">\n                        <svg class=\"c-icon c-icon--arrow\">\n                            <use xlink:href=\"#chevron-right\"><\/use>\n                        <\/svg>\n                    <\/button>\n                <\/div>\n                    <\/div>\n    <\/div>\n<\/div>\n\n\n\n<div class=\"wp-block-column is-layout-flow wp-block-column-is-layout-flow\" style=\"flex-basis:5%\"><\/div>\n<\/div>\n\n\n\n<div style=\"height:100px\" aria-hidden=\"true\" class=\"wp-block-spacer\"><\/div>\n\n\n\n<div class=\"wp-block-cover alignfull has-parallax\"><div class=\"wp-block-cover__image-background wp-image-19265 has-parallax\" style=\"background-position:50% 50%;background-image:url(https:\/\/www.accounting-for-transparency.de\/wp-content\/uploads\/2024\/02\/etienne-martin-2_K82gx9Uk8-unsplash-scaled.jpg)\"><\/div><span aria-hidden=\"true\" class=\"wp-block-cover__background has-background-dim\"><\/span><div class=\"wp-block-cover__inner-container is-layout-constrained wp-block-cover-is-layout-constrained\">\n<h2 class=\"wp-block-heading has-text-align-center has-large-font-size\"><br><strong><strong>Wie verhalten sich Unternehmen und Wirtschaft<\/strong><\/strong><br><strong><strong> in Krisenzeiten?<\/strong><\/strong><\/h2>\n\n\n\n<div class=\"wp-block-columns is-layout-flex wp-container-core-columns-is-layout-9d6595d7 wp-block-columns-is-layout-flex\">\n<div class=\"wp-block-column is-layout-flow wp-block-column-is-layout-flow\" style=\"flex-basis:25%\"><\/div>\n\n\n\n<div class=\"wp-block-column is-layout-flow wp-block-column-is-layout-flow\" style=\"flex-basis:50%\">\n<p class=\"has-text-align-center\" style=\"font-size:24px\"><em>Was als lokale Krise in einer Stadt in China begann, wuchs bald zu einer weltweiten Pandemie heran. Die Covid-19-Pandemie vereinnahmte in k\u00fcrzester Zeit unterschiedliche Bereiche unseres Lebens. Massive Auswirkungen hatte sie auch auf Unternehmen und Wirtschaft. Wie sich Unternehmen und Wirtschaft in Krisenzeiten verhalten und wie sie auf gro\u00dfe und unerwartete Events (\u201eSchocks\u201c) reagieren, untersuchen die Forschenden des TRR 266 in unterschiedlichen Projekten: Wie werden Rechnungslegung und unternehmerische Berichterstattung in Unternehmen durch Krisen beeinflusst? Wie ver\u00e4ndern sich Angebot und Nachfrage? Und wie entwickeln sich die Insolvenzen in Deutschland?<\/em><br><\/p>\n<\/div>\n\n\n\n<div class=\"wp-block-column is-layout-flow wp-block-column-is-layout-flow\" style=\"flex-basis:25%\"><\/div>\n<\/div>\n<\/div><\/div>\n\n\n\n<div style=\"height:100px\" aria-hidden=\"true\" class=\"wp-block-spacer\"><\/div>\n\n\n\n<div class=\"wp-block-columns alignfull is-layout-flex wp-container-core-columns-is-layout-9d6595d7 wp-block-columns-is-layout-flex\">\n<div class=\"wp-block-column is-layout-flow wp-block-column-is-layout-flow\" style=\"flex-basis:5%\"><\/div>\n\n\n\n<div class=\"wp-block-column is-layout-flow wp-block-column-is-layout-flow\" style=\"flex-basis:15%\">\n<figure class=\"wp-block-image size-full is-resized\"><a href=\"https:\/\/www.accounting-for-transparency.de\/projects\/firm-structure-corporate-preferences-and-expectations-in-accounting-and-taxation-evidence-from-firm-surveys\/\"><img loading=\"lazy\" decoding=\"async\" width=\"422\" height=\"422\" src=\"https:\/\/www.accounting-for-transparency.de\/wp-content\/uploads\/2024\/01\/vorlage_projet_icons4.png\" alt=\"\" class=\"wp-image-18477\" style=\"width:200px\" srcset=\"https:\/\/www.accounting-for-transparency.de\/wp-content\/uploads\/2024\/01\/vorlage_projet_icons4.png 422w, https:\/\/www.accounting-for-transparency.de\/wp-content\/uploads\/2024\/01\/vorlage_projet_icons4-300x300.png 300w, https:\/\/www.accounting-for-transparency.de\/wp-content\/uploads\/2024\/01\/vorlage_projet_icons4-150x150.png 150w, https:\/\/www.accounting-for-transparency.de\/wp-content\/uploads\/2024\/01\/vorlage_projet_icons4-32x32.png 32w\" sizes=\"auto, (max-width: 422px) 100vw, 422px\" \/><\/a><\/figure>\n<\/div>\n\n\n\n<div class=\"wp-block-column is-layout-flow wp-block-column-is-layout-flow\" style=\"flex-basis:30%\">\n<h3 class=\"wp-block-heading\" style=\"font-size:24px\"><strong><strong>Wie wirkt sich Unsicherheit auf unternehmerische Entscheidungen aus?<\/strong><\/strong><\/h3>\n\n\n\n<p style=\"font-size:20px\">Wie entwickeln sich die Energiepreise? Gelingt es die Lieferkettenprobleme zu bew\u00e4ltigen? Und wie entwickelt sich die Steuerlage? Wird es Steuererh\u00f6hungen geben, um die h\u00f6heren Staatsausgaben w\u00e4hrend der Krise auszugleichen? COVID-19-Pandemie und Ukrainekrieg haben f\u00fcr gro\u00dfe Unsicherheit auf allen Ebenen gesorgt. Eine akute Gefahr, die in einer ohnehin schon angespannten Situation krisenversch\u00e4rfend wirken kann. Denn Unsicherheit kann reale Auswirkungen auf unternehmerische Entscheidungen haben. Wo Berechenbarkeit fehlt, ist es f\u00fcr Unternehmen schwer einzusch\u00e4tzen, ob sich beispielsweise Investitionen rechnen oder ob es sich rentiert, neue Mitarbeiter einzustellen. Im Zweifel verzichten Unternehmen auf Investitionen und verh\u00e4ngen Einstellungsstopps. Aber auch in Nicht-Krisenzeiten sind Unternehmen mit Unsicherheit konfrontiert. Etwa mit Blick auf die k\u00fcnftige Entwicklung der Steuerpolitik. <\/p>\n\n\n\n<p><\/p>\n\n\n\n<p style=\"font-size:20px\">Das Teilprojekt A11 <a href=\"https:\/\/www.accounting-for-transparency.de\/projects\/firm-structure-corporate-preferences-and-expectations-in-accounting-and-taxation-evidence-from-firm-surveys\/\">\u201eFirm Structure, Corporate Preferences, and Expectations in Accounting and Taxation\u201c<\/a> untersucht daher unter anderen, wie sich Unternehmen verhalten, wenn sie mit Unsicherheit konfrontiert sind. Insbesondere, wie Unsicherheit \u00fcber die k\u00fcnftige Steuerpolitik die Erwartungen von Managern beeinflusst und auf unternehmerische Entscheidungen wirkt. Die Einsichten helfen dabei, die Wirtschaftspolitik so zu gestalten, dass die Wirtschaft in Krisenzeiten resilienter wird.<\/p>\n<\/div>\n\n\n\n<div class=\"wp-block-column is-layout-flow wp-block-column-is-layout-flow\" style=\"flex-basis:5%\"><\/div>\n\n\n\n<div class=\"wp-block-column is-layout-flow wp-block-column-is-layout-flow\" style=\"flex-basis:30%\"><div id=\"block_97171aa138933452c828ac0679a248fd\" class=\"c-block c-block--relations\">\n\n            <div class=\"trr-swiper trr-swiper--block\" data-slider-options='{\"autoHeight\": true, \"breakpoints\": { \"1024\": { \"slidesPerView\": 1 } } }'>\n            <div class=\"swiper trr-swiper__container\">\n                <div class=\"swiper-wrapper trr-swiper__wrapper\">\n                                                                    \n                        \n                        <div class=\"swiper-slide trr-swiper__slide\">\n                            \n                  \n<article class=\"c-tease c-tease--project c-tease--project-a\" id=\"15252\">\n  <a href=\"https:\/\/www.accounting-for-transparency.de\/de\/projects\/firm-structure-corporate-preferences-and-expectations-in-accounting-and-taxation-evidence-from-firm-surveys\/\" class=\"c-tease__content c-tease__content--project\">\n    <span class=\"c-tease__sub u-color-white\">A11<\/span>\n    <h3 class=\"c-tease__title c-tease__title--project\">Firm Structure, Corporate Preferences, and Expectations in Accounting and Taxation: Evidence from Firm Surveys<\/h3>\n\n    \n<div class=\"c-profile-group\">\n          \n    <div class=\"c-profile\" title=\"Jannis Bischof\">\n                      \n    \n    \n    \n                                    \n                                        \n        \n        <div class=\"c-img c-img--bg c-profile__img\"\n             style=\"--img-aspect: 1;\">\n            <div class=\"c-img__wrapper \">\n                <div class=\"c-img__full u-lazy\" data-background-image-set=\"url(https:\/\/www.accounting-for-transparency.de\/wp-content\/uploads\/2022\/11\/Bischof_new_2-128x0-c-default.png) 1x\"><\/div>\n                <div class=\"c-img__placeholder\"\n                     style=\"background-image: url('https:\/\/www.accounting-for-transparency.de\/wp-content\/uploads\/2022\/11\/Bischof_new_2-32x0-c-default.png');\"><\/div>\n            <\/div>\n        <\/div>\n    \n                <\/div>\n          \n    <div class=\"c-profile\" title=\"Philipp D\u00f6rrenberg\">\n                      \n    \n    \n    \n                                    \n                                        \n        \n        <div class=\"c-img c-img--bg c-profile__img\"\n             style=\"--img-aspect: 1;\">\n            <div class=\"c-img__wrapper \">\n                <div class=\"c-img__full u-lazy\" data-background-image-set=\"url(https:\/\/www.accounting-for-transparency.de\/wp-content\/uploads\/2020\/08\/Philipp-Dorrenberg-128x0-c-default.png) 1x\"><\/div>\n                <div class=\"c-img__placeholder\"\n                     style=\"background-image: url('https:\/\/www.accounting-for-transparency.de\/wp-content\/uploads\/2020\/08\/Philipp-Dorrenberg-32x0-c-default.png');\"><\/div>\n            <\/div>\n        <\/div>\n    \n                <\/div>\n          \n    <div class=\"c-profile\" title=\"Johannes Voget\">\n                      \n    \n    \n    \n                                    \n                                        \n        \n        <div class=\"c-img c-img--bg c-profile__img\"\n             style=\"--img-aspect: 1;\">\n            <div class=\"c-img__wrapper \">\n                <div class=\"c-img__full u-lazy\" data-background-image-set=\"url(https:\/\/www.accounting-for-transparency.de\/wp-content\/uploads\/2020\/05\/Voget-128x0-c-default.png) 1x\"><\/div>\n                <div class=\"c-img__placeholder\"\n                     style=\"background-image: url('https:\/\/www.accounting-for-transparency.de\/wp-content\/uploads\/2020\/05\/Voget-32x0-c-default.png');\"><\/div>\n            <\/div>\n        <\/div>\n    \n                <\/div>\n          \n    <div class=\"c-profile\" title=\"Thomas Simon\">\n                      \n    \n    \n    \n                                    \n                                        \n        \n        <div class=\"c-img c-img--bg c-profile__img\"\n             style=\"--img-aspect: 1;\">\n            <div class=\"c-img__wrapper \">\n                <div class=\"c-img__full u-lazy\" data-background-image-set=\"url(https:\/\/www.accounting-for-transparency.de\/wp-content\/uploads\/2022\/11\/Thomas-Simon-neu-128x0-c-default.png) 1x\"><\/div>\n                <div class=\"c-img__placeholder\"\n                     style=\"background-image: url('https:\/\/www.accounting-for-transparency.de\/wp-content\/uploads\/2022\/11\/Thomas-Simon-neu-32x0-c-default.png');\"><\/div>\n            <\/div>\n        <\/div>\n    \n                <\/div>\n          \n    <div class=\"c-profile\" title=\"Richard Winter\">\n                      \n    \n    \n    \n                                    \n                                        \n        \n        <div class=\"c-img c-img--bg c-profile__img\"\n             style=\"--img-aspect: 0.99927219796215;\">\n            <div class=\"c-img__wrapper \">\n                <div class=\"c-img__full u-lazy\" data-background-image-set=\"url(https:\/\/www.accounting-for-transparency.de\/wp-content\/uploads\/2023\/07\/Richard-Winter-1-128x0-c-default.png) 1x\"><\/div>\n                <div class=\"c-img__placeholder\"\n                     style=\"background-image: url('https:\/\/www.accounting-for-transparency.de\/wp-content\/uploads\/2023\/07\/Richard-Winter-1-32x0-c-default.png');\"><\/div>\n            <\/div>\n        <\/div>\n    \n                <\/div>\n        \n                \n                            <div class=\"c-profile c-profile--counter\">\n      <span title=\"Svea Holtmann\">&plus; 1<\/span>\n    <\/div>\n  <\/div>\n\n    <span class=\"c-tease__link\">\n      <span>Weiterlesen<\/span>\n      <svg>\n        <use xlink:href=\"#arrow-right-long\"><\/use>\n      <\/svg>\n    <\/span>\n  <\/a>\n<\/article>\n                        <\/div>\n                                    <\/div>\n            <\/div>\n\n                    <\/div>\n    <\/div>\n<\/div>\n\n\n\n<div class=\"wp-block-column is-layout-flow wp-block-column-is-layout-flow\" style=\"flex-basis:5%\"><\/div>\n<\/div>\n\n\n\n<div style=\"height:100px\" aria-hidden=\"true\" class=\"wp-block-spacer\"><\/div>\n\n\n\n<div class=\"wp-block-columns alignfull is-layout-flex wp-container-core-columns-is-layout-9d6595d7 wp-block-columns-is-layout-flex\">\n<div class=\"wp-block-column is-layout-flow wp-block-column-is-layout-flow\" style=\"flex-basis:5%\"><\/div>\n\n\n\n<div class=\"wp-block-column is-layout-flow wp-block-column-is-layout-flow\" style=\"flex-basis:15%\">\n<figure class=\"wp-block-image size-full is-resized\"><a href=\"https:\/\/www.accounting-for-transparency.de\/projects\/private-firm-transparency\/\"><img loading=\"lazy\" decoding=\"async\" width=\"422\" height=\"422\" src=\"https:\/\/www.accounting-for-transparency.de\/wp-content\/uploads\/2024\/01\/vorlage_projet_icons22.png\" alt=\"\" class=\"wp-image-18513\" style=\"width:200px\" srcset=\"https:\/\/www.accounting-for-transparency.de\/wp-content\/uploads\/2024\/01\/vorlage_projet_icons22.png 422w, https:\/\/www.accounting-for-transparency.de\/wp-content\/uploads\/2024\/01\/vorlage_projet_icons22-300x300.png 300w, https:\/\/www.accounting-for-transparency.de\/wp-content\/uploads\/2024\/01\/vorlage_projet_icons22-150x150.png 150w, https:\/\/www.accounting-for-transparency.de\/wp-content\/uploads\/2024\/01\/vorlage_projet_icons22-32x32.png 32w\" sizes=\"auto, (max-width: 422px) 100vw, 422px\" \/><\/a><\/figure>\n\n\n\n<div style=\"height:50px\" aria-hidden=\"true\" class=\"wp-block-spacer\"><\/div>\n\n\n\n<figure class=\"wp-block-image size-full is-resized\"><a href=\"https:\/\/www.accounting-for-transparency.de\/projects\/open-science-data-center\/\"><img loading=\"lazy\" decoding=\"async\" width=\"422\" height=\"422\" src=\"https:\/\/www.accounting-for-transparency.de\/wp-content\/uploads\/2024\/01\/vorlage_projet_icons2.png\" alt=\"\" class=\"wp-image-18473\" style=\"width:200px\" srcset=\"https:\/\/www.accounting-for-transparency.de\/wp-content\/uploads\/2024\/01\/vorlage_projet_icons2.png 422w, https:\/\/www.accounting-for-transparency.de\/wp-content\/uploads\/2024\/01\/vorlage_projet_icons2-300x300.png 300w, https:\/\/www.accounting-for-transparency.de\/wp-content\/uploads\/2024\/01\/vorlage_projet_icons2-150x150.png 150w, https:\/\/www.accounting-for-transparency.de\/wp-content\/uploads\/2024\/01\/vorlage_projet_icons2-32x32.png 32w\" sizes=\"auto, (max-width: 422px) 100vw, 422px\" \/><\/a><\/figure>\n<\/div>\n\n\n\n<div class=\"wp-block-column is-layout-flow wp-block-column-is-layout-flow\" style=\"flex-basis:30%\">\n<h3 class=\"wp-block-heading\" style=\"font-size:24px\"><strong>Insolvenzen in Deutschland: wichtiger Indikator in Krisenzeiten<\/strong><\/h3>\n\n\n\n<p style=\"font-size:20px\"><a>Insolvenzen erf\u00fcllen trotz ihres schlechten Rufs wichtige Funktionen: <\/a>Das Insolvenzrecht nimmt nicht lebensf\u00e4hige Unternehmen geregelt aus dem Markt und hilft sanierungsf\u00e4higen Unternehmen bei der Restrukturierung \u2013 und somit beim Neustart. Gleichzeitig ist die Anzahl an Insolvenzen ein wichtiger Indikator f\u00fcr die aktuelle Wirtschaftslage. Deshalb haben das Projekt <a href=\"https:\/\/www.accounting-for-transparency.de\/projects\/private-firm-transparency\/\">B02 \u201cPrivate Firm Transparency\u201d<\/a> und das <a href=\"https:\/\/www.accounting-for-transparency.de\/projects\/open-science-data-center\/\">Open Science Data Center (C02)<\/a><a> eine Insolvenzdatenbank aufgebaut, die \u00f6ffentlich zug\u00e4nglich ist<\/a>. <a>Die Datenbank basiert auf aktuellen <\/a>Bekanntmachungen der Insolvenzgerichte und legt offen, wie sich Insolvenzen in Deutschland \u00fcber die Zeit, in den einzelnen Bundesl\u00e4ndern und in unterschiedlichen Branchen entwickeln.eln.<\/p>\n\n\n\n<p style=\"font-size:20px\"><br>Die Insolvenzdatenbank finden Sie <a href=\"https:\/\/trr266.wiwi.hu-berlin.de\/shiny\/insol\/\">HIER<\/a>.<\/p>\n\n\n\n<p style=\"font-size:20px\"><\/p>\n<\/div>\n\n\n\n<div class=\"wp-block-column is-layout-flow wp-block-column-is-layout-flow\" style=\"flex-basis:5%\"><\/div>\n\n\n\n<div class=\"wp-block-column is-layout-flow wp-block-column-is-layout-flow\" style=\"flex-basis:30%\"><div id=\"block_15d0b0b42011e01360462888caca5160\" class=\"c-block c-block--relations\">\n\n            <div class=\"trr-swiper trr-swiper--block\" data-slider-options='{\"autoHeight\": true, \"breakpoints\": { \"1024\": { \"slidesPerView\": 1 } } }'>\n            <div class=\"swiper trr-swiper__container\">\n                <div class=\"swiper-wrapper trr-swiper__wrapper\">\n                                                                    \n                        \n                        <div class=\"swiper-slide trr-swiper__slide\">\n                            <article class=\"c-tease c-tease--post\" id=\"tease-5757\">\n    <div class=\"c-tease__content c-tease__content--post\">\n    <h3 class=\"c-tease__title c-tease__title--post\"><a\n        href=\"https:\/\/www.accounting-for-transparency.de\/de\/insolvenzen-ein-kollateralschaden-der-pandemie\/\">Insolvenzen: Ein Kollateralschaden der Pandemie?<\/a><\/h3>\n    <time class=\"c-tease__date\" datetime=\"2021-05-12\">\n      <svg>\n        <use xlink:href=\"#cal\"><\/use>\n      <\/svg>\n\n      <span>12. Mai 2021<\/span>\n    <\/time>\n    <div class=\"c-tease__authors\">\n      \n<div class=\"c-profile-group c-profile-group--with-names\">\n          \n    <div class=\"c-profile c-profile--has-name\" title=\"Joachim Gassen\">\n                      \n    \n    \n    \n                                    \n                                        \n        \n        <div class=\"c-img c-img--bg c-profile__img\"\n             style=\"--img-aspect: 0.99147727272727;\">\n            <div class=\"c-img__wrapper \">\n                <div class=\"c-img__full u-lazy\" data-background-image-set=\"url(https:\/\/www.accounting-for-transparency.de\/wp-content\/uploads\/2020\/05\/Gassen-128x0-c-default.png) 1x\"><\/div>\n                <div class=\"c-img__placeholder\"\n                     style=\"background-image: url('https:\/\/www.accounting-for-transparency.de\/wp-content\/uploads\/2020\/05\/Gassen-32x0-c-default.png');\"><\/div>\n            <\/div>\n        <\/div>\n    \n                    <span class=\"c-name__title c-name__title--has-img\">Joachim Gassen<\/span>\n          <\/div>\n          \n    <div class=\"c-profile c-profile--has-name\" title=\"Urska Kosi\">\n                      \n    \n    \n    \n                                    \n                                        \n        \n        <div class=\"c-img c-img--bg c-profile__img\"\n             style=\"--img-aspect: 1;\">\n            <div class=\"c-img__wrapper \">\n                <div class=\"c-img__full u-lazy\" data-background-image-set=\"url(https:\/\/www.accounting-for-transparency.de\/wp-content\/uploads\/2020\/05\/Kosi-128x0-c-default.png) 1x\"><\/div>\n                <div class=\"c-img__placeholder\"\n                     style=\"background-image: url('https:\/\/www.accounting-for-transparency.de\/wp-content\/uploads\/2020\/05\/Kosi-32x0-c-default.png');\"><\/div>\n            <\/div>\n        <\/div>\n    \n                    <span class=\"c-name__title c-name__title--has-img\">Urska Kosi<\/span>\n          <\/div>\n    <\/div>\n    <\/div>\n    <p class=\"c-tease__excerpt\">Die Anzahl der Unternehmensinsolvenzen in Deutschland ist w\u00e4hrend der Pandemie sogar gesunken. Das zeigt ein Blick in die neu zusammengestellte Insolvenzdatenbank.<\/p>\n    <a class=\"c-tease__link\" href=\"https:\/\/www.accounting-for-transparency.de\/de\/insolvenzen-ein-kollateralschaden-der-pandemie\/\">\n  <span>Weiterlesen<\/span>\n  <svg>\n    <use xlink:href=\"#arrow-right-long\"><\/use>\n  <\/svg>\n<\/a>\n  <\/div>\n              \n    \n                \n    \n    \n                                        \n        \n        <div class=\"c-img c-img--bg c-tease__img\"\n             style=\"\">\n            <div class=\"c-img__wrapper u-aspect u-aspect--50\">\n                <div class=\"c-img__full u-lazy\" data-background-image-set=\"url(https:\/\/www.accounting-for-transparency.de\/wp-content\/uploads\/2021\/05\/Screenshot-2021-05-21-at-16.31.09-640x0-c-default.png) 1x\"><\/div>\n                <div class=\"c-img__placeholder\"\n                     style=\"background-image: url('https:\/\/www.accounting-for-transparency.de\/wp-content\/uploads\/2021\/05\/Screenshot-2021-05-21-at-16.31.09-32x0-c-default.png'); filter: blur(0.25rem);\"><\/div>\n            <\/div>\n        <\/div>\n    \n  <\/article>\n                        <\/div>\n                                                                    \n                        \n                        <div class=\"swiper-slide trr-swiper__slide\">\n                            <article class=\"c-tease c-tease--news\" id=\"tease-5596\">\n    <div class=\"c-tease__content c-tease__content--news\">\n    <h3 class=\"c-tease__title c-tease__title--news\"><a href=\"https:\/\/www.accounting-for-transparency.de\/de\/news\/corona-paradox-insolvenzwelle-bleibt-aus-forscher-veroeffentlichen-deutsche-insolvenzdatenbank\/\">Corona-Paradox: Insolvenzwelle bleibt aus \u2013 Forscher ver\u00f6ffentlichen deutsche Insolvenzdatenbank<\/a><\/h3>\n    <small class=\"c-tease__sub\">\n      <time class=\"c-tease__time c-txt--upper\" datetime=\"23. April 2021\">23. April 2021<\/time>\n    <\/small>\n    <a class=\"c-tease__link c-tease__link--invert\" href=\"https:\/\/www.accounting-for-transparency.de\/de\/news\/corona-paradox-insolvenzwelle-bleibt-aus-forscher-veroeffentlichen-deutsche-insolvenzdatenbank\/\">\n      <span>Weiterlesen<\/span>\n      <svg>\n        <use xlink:href=\"#arrow-right-long\"><\/use>\n      <\/svg>\n    <\/a>\n  <\/div>\n<\/article>\n                        <\/div>\n                                                                    \n                        \n                        <div class=\"swiper-slide trr-swiper__slide\">\n                            \n<article class=\"c-tease c-tease--pub\">\n  <h3 class=\"c-tease__title c-tease__title--pub\"><a href=\"https:\/\/www.accounting-for-transparency.de\/de\/publications\/insolvenzen-ein-kollateralschaden-der-pandemie\/\">Bankruptcies: a victim of the corona crisis?<\/a><\/h3>\n    <div class=\"c-tease__row\">\n    <small class=\"c-tease__sub\">\n                    <span class=\"c-tease__time\">2021<\/span>\n                    <span>Report<\/span>\n          <\/small>\n    <div class=\"c-tease__icons\">\n                      <?xml version=\"1.0\" encoding=\"UTF-8\"?> <svg xmlns=\"http:\/\/www.w3.org\/2000\/svg\" viewBox=\"0 0 235 235\"><g data-name=\"Rechteck 1\" fill=\"#f3ce00\" stroke=\"#d9b800\" stroke-width=\"2\"><rect width=\"235\" height=\"235\" rx=\"25\" stroke=\"none\"><\/rect><rect x=\"1\" y=\"1\" width=\"233\" height=\"233\" rx=\"24\" fill=\"none\"><\/rect><\/g><path data-name=\"Pfad 1\" d=\"M126.196 143.881a25.482 25.482 0 10-18.268 0l-17.166 44.748a73.389 73.389 0 1152.6 0l-17.166-44.748\" fill=\"#3da639\"><\/path><path data-name=\"Pfad 2\" d=\"M143.363 191.255a2.624 2.624 0 01-2.45-1.684l-17.167-44.746a2.625 2.625 0 011.509-3.391 22.858 22.858 0 10-16.387 0 2.625 2.625 0 011.509 3.391L93.21 189.57a2.624 2.624 0 01-3.39 1.51 76.052 76.052 0 01-43.73-98.244 76.012 76.012 0 01140.42-3.683 76.053 76.053 0 01-42.207 101.925 2.619 2.619 0 01-.94.174zm-26.326-142a70.821 70.821 0 00-27.768 135.939l15.313-39.916a28.1 28.1 0 1124.961 0l15.312 39.91a70.835 70.835 0 00-27.819-135.936z\" fill=\"#1d531d\"><\/path><path data-name=\"Pfad 3\" d=\"M182.421 180.657a4.957 4.957 0 003.51 8.439 4.713 4.713 0 003.478-1.459 4.839 4.839 0 001.443-3.518 4.787 4.787 0 00-1.435-3.461 4.847 4.847 0 00-7 0zm7.693 7.75a5.962 5.962 0 01-10.161-4.288 5.7 5.7 0 011.864-4.353 5.854 5.854 0 014.11-1.621 5.99 5.99 0 014.183 10.262zm-3.64-6.282a2.892 2.892 0 00-1.005-.138h-.422v1.921h.673a1.609 1.609 0 00.948-.243.9.9 0 00.34-.786.758.758 0 00-.535-.754zm-3.161 5.318v-6.624h1.844q1.228 0 1.366.012a3.186 3.186 0 011.305.34 1.668 1.668 0 01.884 1.581 1.456 1.456 0 01-.466 1.208 2.161 2.161 0 01-1.147.446 2.252 2.252 0 01.94.381 1.792 1.792 0 01.584 1.483v.592a1.568 1.568 0 00.012.195 1.01 1.01 0 00.045.195l.057.186h-1.654a4.692 4.692 0 01-.105-.916 2.985 2.985 0 00-.105-.811.8.8 0 00-.486-.486 1.94 1.94 0 00-.592-.105l-.381-.024h-.365v2.343z\" fill=\"#1d531d\"><\/path><\/svg> \n              <\/div>\n  <\/div>\n  \n<div class=\"c-profile-group c-profile-group--with-names\">\n          \n    <div class=\"c-profile c-profile--has-name\" title=\"Urska Kosi\">\n                      \n    \n    \n    \n                                    \n                                        \n        \n        <div class=\"c-img c-img--bg c-profile__img\"\n             style=\"--img-aspect: 1;\">\n            <div class=\"c-img__wrapper \">\n                <div class=\"c-img__full u-lazy\" data-background-image-set=\"url(https:\/\/www.accounting-for-transparency.de\/wp-content\/uploads\/2020\/05\/Kosi-128x0-c-default.png) 1x\"><\/div>\n                <div class=\"c-img__placeholder\"\n                     style=\"background-image: url('https:\/\/www.accounting-for-transparency.de\/wp-content\/uploads\/2020\/05\/Kosi-32x0-c-default.png');\"><\/div>\n            <\/div>\n        <\/div>\n    \n                    <span class=\"c-name__title c-name__title--has-img\">Urska Kosi<\/span>\n          <\/div>\n          \n    <div class=\"c-profile c-profile--has-name\" title=\"Joachim Gassen\">\n                      \n    \n    \n    \n                                    \n                                        \n        \n        <div class=\"c-img c-img--bg c-profile__img\"\n             style=\"--img-aspect: 0.99147727272727;\">\n            <div class=\"c-img__wrapper \">\n                <div class=\"c-img__full u-lazy\" data-background-image-set=\"url(https:\/\/www.accounting-for-transparency.de\/wp-content\/uploads\/2020\/05\/Gassen-128x0-c-default.png) 1x\"><\/div>\n                <div class=\"c-img__placeholder\"\n                     style=\"background-image: url('https:\/\/www.accounting-for-transparency.de\/wp-content\/uploads\/2020\/05\/Gassen-32x0-c-default.png');\"><\/div>\n            <\/div>\n        <\/div>\n    \n                    <span class=\"c-name__title c-name__title--has-img\">Joachim Gassen<\/span>\n          <\/div>\n    <\/div>\n  <a class=\"c-tease__link\" href=\"https:\/\/www.accounting-for-transparency.de\/de\/publications\/insolvenzen-ein-kollateralschaden-der-pandemie\/\">\n  <span>Weiterlesen<\/span>\n  <svg>\n    <use xlink:href=\"#arrow-right-long\"><\/use>\n  <\/svg>\n<\/a>\n<\/article>\n                        <\/div>\n                                    <\/div>\n            <\/div>\n\n                            <div class=\"trr-swiper__controls c-slider__controls\">\n                    <button class=\"trr-swiper__button trr-swiper__button--prev c-slider__arrow\">\n                        <svg class=\"c-icon c-icon--arrow\">\n                            <use xlink:href=\"#chevron-left\"><\/use>\n                        <\/svg>\n                    <\/button>\n                    <div class=\"trr-swiper__scrollbar swiper-scrollbar\">\n                    <\/div>\n                    <button class=\"trr-swiper__button trr-swiper__button--next c-slider__arrow\">\n                        <svg class=\"c-icon c-icon--arrow\">\n                            <use xlink:href=\"#chevron-right\"><\/use>\n                        <\/svg>\n                    <\/button>\n                <\/div>\n                    <\/div>\n    <\/div>\n<\/div>\n\n\n\n<div class=\"wp-block-column is-layout-flow wp-block-column-is-layout-flow\" style=\"flex-basis:5%\"><\/div>\n<\/div>\n\n\n\n<div style=\"height:100px\" aria-hidden=\"true\" class=\"wp-block-spacer\"><\/div>\n\n\n\n<div class=\"wp-block-columns alignfull is-layout-flex wp-container-core-columns-is-layout-9d6595d7 wp-block-columns-is-layout-flex\">\n<div class=\"wp-block-column is-layout-flow wp-block-column-is-layout-flow\" style=\"flex-basis:5%\"><\/div>\n\n\n\n<div class=\"wp-block-column is-layout-flow wp-block-column-is-layout-flow\" style=\"flex-basis:15%\">\n<figure class=\"wp-block-image size-full is-resized\"><a href=\"https:\/\/www.accounting-for-transparency.de\/projects\/corporate-transparency-unstructured-soft-information-gossip-and-fake-news\/\"><img loading=\"lazy\" decoding=\"async\" width=\"422\" height=\"422\" src=\"https:\/\/www.accounting-for-transparency.de\/wp-content\/uploads\/2024\/01\/vorlage_projet_icons_neu24.png\" alt=\"\" class=\"wp-image-18517\" style=\"width:200px\" srcset=\"https:\/\/www.accounting-for-transparency.de\/wp-content\/uploads\/2024\/01\/vorlage_projet_icons_neu24.png 422w, https:\/\/www.accounting-for-transparency.de\/wp-content\/uploads\/2024\/01\/vorlage_projet_icons_neu24-300x300.png 300w, https:\/\/www.accounting-for-transparency.de\/wp-content\/uploads\/2024\/01\/vorlage_projet_icons_neu24-150x150.png 150w, https:\/\/www.accounting-for-transparency.de\/wp-content\/uploads\/2024\/01\/vorlage_projet_icons_neu24-32x32.png 32w\" sizes=\"auto, (max-width: 422px) 100vw, 422px\" \/><\/a><\/figure>\n<\/div>\n\n\n\n<div class=\"wp-block-column is-layout-flow wp-block-column-is-layout-flow\" style=\"flex-basis:30%\">\n<h3 class=\"wp-block-heading\" style=\"font-size:24px\"><strong>Welche Auswirkungen haben Epidemien auf Unternehmen?<\/strong><\/h3>\n\n\n\n<p>Die COVID-19-Pandemie hat deutlich gemacht, wie wichtig es ist, schnell zu verstehen, wie Unternehmen auf gro\u00dfe, unerwartete Schocks reagieren. Doch daf\u00fcr braucht es verl\u00e4ssliche Messgr\u00f6\u00dfen. Daher hat das Projekt&nbsp; <a href=\"https:\/\/www.accounting-for-transparency.de\/projects\/corporate-transparency-unstructured-soft-information-gossip-and-fake-news\/\">B10 \u201cCorporate Transparency and Unstructured Soft Information: Measurement and Effects\u201d<\/a> ein neues Ma\u00df entwickelt, das es Forschenden erm\u00f6glicht, die laufenden und erwarteten Auswirkungen gro\u00dfer, potenziell noch nie dagewesener Ereignisse systematisch und nahezu in Echtzeit zu identifizieren.<br>Dieses Ma\u00df erm\u00f6glicht insbesondere, Gewinner und Verlierer der Krise zu identifizieren, die Kan\u00e4le zu identifizieren, \u00fcber die sich die Krise auf bestimmte Unternehmen auswirkt, sowie Nachfrage- und Angebotsschocks auf Unternehmensebene zu erkennen, die aus der Krise resultieren.<\/p>\n<\/div>\n\n\n\n<div class=\"wp-block-column is-layout-flow wp-block-column-is-layout-flow\" style=\"flex-basis:5%\"><\/div>\n\n\n\n<div class=\"wp-block-column is-layout-flow wp-block-column-is-layout-flow\" style=\"flex-basis:30%\"><div id=\"block_a5531bae7c5fef9bd932d04aafb74608\" class=\"c-block c-block--relations\">\n\n            <div class=\"trr-swiper trr-swiper--block\" data-slider-options='{\"autoHeight\": true, \"breakpoints\": { \"1024\": { \"slidesPerView\": 1 } } }'>\n            <div class=\"swiper trr-swiper__container\">\n                <div class=\"swiper-wrapper trr-swiper__wrapper\">\n                                                                    \n                        \n                        <div class=\"swiper-slide trr-swiper__slide\">\n                            \n<article class=\"c-tease c-tease--pub\">\n  <h3 class=\"c-tease__title c-tease__title--pub\"><a href=\"https:\/\/www.accounting-for-transparency.de\/de\/publications\/firm-level-exposure-to-epidemic-diseases-covid-19-sars-and-h1n1\/\">Firm-level Exposure to Epidemic Diseases: Covid-19, SARS, and H1N1<\/a><\/h3>\n      \n    <span class=\"c-tease__meta\">Review of Financial Studies<\/span>\n    <div class=\"c-tease__row\">\n    <small class=\"c-tease__sub\">\n                    <span class=\"c-tease__time\">2023<\/span>\n                    <span>Journal Publication<\/span>\n          <\/small>\n    \n            \n  <\/div>\n  \n<div class=\"c-profile-group c-profile-group--with-names\">\n          \n    <div class=\"c-profile c-profile--has-name\" title=\" Laurence van Lent\">\n                      \n    \n    \n    \n                                    \n                                        \n        \n        <div class=\"c-img c-img--bg c-profile__img\"\n             style=\"--img-aspect: 1;\">\n            <div class=\"c-img__wrapper \">\n                <div class=\"c-img__full u-lazy\" data-background-image-set=\"url(https:\/\/www.accounting-for-transparency.de\/wp-content\/uploads\/2020\/05\/Van-Lent-128x0-c-default.png) 1x\"><\/div>\n                <div class=\"c-img__placeholder\"\n                     style=\"background-image: url('https:\/\/www.accounting-for-transparency.de\/wp-content\/uploads\/2020\/05\/Van-Lent-32x0-c-default.png');\"><\/div>\n            <\/div>\n        <\/div>\n    \n                    <span class=\"c-name__title c-name__title--has-img\"> Laurence van Lent<\/span>\n          <\/div>\n    <\/div>\n  <a class=\"c-tease__link\" href=\"https:\/\/www.accounting-for-transparency.de\/de\/publications\/firm-level-exposure-to-epidemic-diseases-covid-19-sars-and-h1n1\/\">\n  <span>Weiterlesen<\/span>\n  <svg>\n    <use xlink:href=\"#arrow-right-long\"><\/use>\n  <\/svg>\n<\/a>\n<\/article>\n                        <\/div>\n                                    <\/div>\n            <\/div>\n\n                    <\/div>\n    <\/div>\n<\/div>\n\n\n\n<div class=\"wp-block-column is-layout-flow wp-block-column-is-layout-flow\"><\/div>\n<\/div>\n\n\n\n<div style=\"height:100px\" aria-hidden=\"true\" class=\"wp-block-spacer\"><\/div>\n\n\n\n<div class=\"wp-block-cover alignfull has-parallax\"><div class=\"wp-block-cover__image-background wp-image-19278 has-parallax\" style=\"background-position:50% 50%;background-image:url(https:\/\/www.accounting-for-transparency.de\/wp-content\/uploads\/2024\/02\/mikey-harris-qVnyj4NYLZs-unsplash-scaled.jpg)\"><\/div><span aria-hidden=\"true\" class=\"wp-block-cover__background has-background-dim\"><\/span><div class=\"wp-block-cover__inner-container is-layout-constrained wp-block-cover-is-layout-constrained\">\n<p><\/p>\n\n\n\n<h2 class=\"wp-block-heading has-text-align-center has-large-font-size\"><strong><strong><strong>Wie hat sich Covid-19 auf die Prozesse <\/strong><\/strong><\/strong><br><strong><strong><strong>im Unternehmen ausgewirkt?<\/strong><\/strong><\/strong><\/h2>\n\n\n\n<div class=\"wp-block-columns is-layout-flex wp-container-core-columns-is-layout-9d6595d7 wp-block-columns-is-layout-flex\">\n<div class=\"wp-block-column is-layout-flow wp-block-column-is-layout-flow\" style=\"flex-basis:25%\"><\/div>\n\n\n\n<div class=\"wp-block-column is-layout-flow wp-block-column-is-layout-flow\" style=\"flex-basis:50%\">\n<p class=\"has-text-align-center\" style=\"font-size:24px\"><em>Die Lockdowns w\u00e4hrend der Pandemie f\u00fchrten auch zu gro\u00dfen Ver\u00e4nderungen f\u00fcr Management und Mitarbeitende. Von einem Tag auf den anderen mussten viele Mitarbeitende von zu Hause aus arbeiten. Statt pers\u00f6nlichen Meetings im B\u00fcro war ein Austausch nur \u00fcber digitale Tools m\u00f6glich. Diese Ver\u00e4nderungen haben neue Forschungsfragen aufgeworfen: Wo ist Transparenz entbehrlich? Wo ist sie elementar? Und inwieweit ver\u00e4ndert (fehlende) Transparenz die Arbeit in Teams?<\/em><br><\/p>\n<\/div>\n\n\n\n<div class=\"wp-block-column is-layout-flow wp-block-column-is-layout-flow\" style=\"flex-basis:25%\"><\/div>\n<\/div>\n<\/div><\/div>\n\n\n\n<div style=\"height:100px\" aria-hidden=\"true\" class=\"wp-block-spacer\"><\/div>\n\n\n\n<div class=\"wp-block-columns alignfull is-layout-flex wp-container-core-columns-is-layout-9d6595d7 wp-block-columns-is-layout-flex\">\n<div class=\"wp-block-column is-layout-flow wp-block-column-is-layout-flow\" style=\"flex-basis:5%\"><\/div>\n\n\n\n<div class=\"wp-block-column is-layout-flow wp-block-column-is-layout-flow\" style=\"flex-basis:15%\">\n<figure class=\"wp-block-image size-full is-resized\"><a href=\"https:\/\/www.accounting-for-transparency.de\/projects\/transparency-regulation-and-organizational-design\/\"><img loading=\"lazy\" decoding=\"async\" width=\"422\" height=\"422\" src=\"https:\/\/www.accounting-for-transparency.de\/wp-content\/uploads\/2024\/01\/vorlage_projet_icons20.png\" alt=\"\" class=\"wp-image-18509\" style=\"width:200px\" srcset=\"https:\/\/www.accounting-for-transparency.de\/wp-content\/uploads\/2024\/01\/vorlage_projet_icons20.png 422w, https:\/\/www.accounting-for-transparency.de\/wp-content\/uploads\/2024\/01\/vorlage_projet_icons20-300x300.png 300w, https:\/\/www.accounting-for-transparency.de\/wp-content\/uploads\/2024\/01\/vorlage_projet_icons20-150x150.png 150w, https:\/\/www.accounting-for-transparency.de\/wp-content\/uploads\/2024\/01\/vorlage_projet_icons20-32x32.png 32w\" sizes=\"auto, (max-width: 422px) 100vw, 422px\" \/><\/a><\/figure>\n<\/div>\n\n\n\n<div class=\"wp-block-column is-layout-flow wp-block-column-is-layout-flow\" style=\"flex-basis:30%\">\n<h3 class=\"wp-block-heading\" style=\"font-size:24px\"><strong>Wie hat Homeoffice Managementstrategien w\u00e4hrend der Corona-Pandemie ver\u00e4ndert?<\/strong><\/h3>\n\n\n\n<p style=\"font-size:20px\">Die COVID-19-Pandemie hat Unternehmen auf unbekanntes Terrain gef\u00fchrt: ins Homeoffice. Online-Meetings und das Arbeiten von zu Hause waren pl\u00f6tzlich normal. Doch wie steuert man ein Unternehmen, wenn niemand mehr vor Ort und alles nur noch digital ist? Das haben Forschende des Projekts <a href=\"https:\/\/www.accounting-for-transparency.de\/projects\/transparency-regulation-and-organizational-design\/\"><strong>B03<\/strong><\/a> <a href=\"https:\/\/www.accounting-for-transparency.de\/projects\/transparency-regulation-and-organizational-design\/\">\u201eTransparency Regulation and Organizational Design\u201c<\/a> analysiert. Sie untersuchen, wie sich die Unternehmenssteuerung (Management Controls) durch Homeoffice ver\u00e4ndert hat, insbesondere die verhaltens- , ergebnis- und kulturorientierten Steuerungsmechanismen (Action, Result und Cultural Controls). Und, wie das Homeoffice-Umfeld auf F\u00fchrungsstile und die Resilienz von Unternehmen wirkt. Die Studie zeigt unter anderem, dass resilientere Unternehmen ihre Steuerungsmechanismen in geringerem Ma\u00dfe angepasst haben, da sie einen geringeren Transparenzschock erlebt haben. So mussten Abteilungen weniger resilienter Unternehmen beispielsweise gr\u00f6\u00dfere Herausforderungen in der Finanzplanung und Leistungsmessung bew\u00e4ltigen als \u00e4hnliche Abteilungen in resilienteren Unternehmen. Resiliente Unternehmen zeigen zudem eine signifikant h\u00f6here organisatorische Vertrauensbasis und setzen auf transformationale F\u00fchrung.<\/p>\n<\/div>\n\n\n\n<div class=\"wp-block-column is-layout-flow wp-block-column-is-layout-flow\" style=\"flex-basis:5%\"><\/div>\n\n\n\n<div class=\"wp-block-column is-layout-flow wp-block-column-is-layout-flow\" style=\"flex-basis:30%\"><div id=\"block_93e21beec4811b4bf8842880d086f1b4\" class=\"c-block c-block--relations\">\n\n            <div class=\"trr-swiper trr-swiper--block\" data-slider-options='{\"autoHeight\": true, \"breakpoints\": { \"1024\": { \"slidesPerView\": 1 } } }'>\n            <div class=\"swiper trr-swiper__container\">\n                <div class=\"swiper-wrapper trr-swiper__wrapper\">\n                                                                    \n                        \n                        <div class=\"swiper-slide trr-swiper__slide\">\n                            <article class=\"c-tease c-tease--post\" id=\"tease-18093\">\n    <div class=\"c-tease__content c-tease__content--post\">\n    <h3 class=\"c-tease__title c-tease__title--post\"><a\n        href=\"https:\/\/www.accounting-for-transparency.de\/de\/managementstrategien-waehrend-corona\/\">Die neue Normalit\u00e4t managen: Wie hat Homeoffice Managementstrategien w\u00e4hrend der Corona-Pandemie ver\u00e4ndert?<\/a><\/h3>\n    <time class=\"c-tease__date\" datetime=\"2024-01-03\">\n      <svg>\n        <use xlink:href=\"#cal\"><\/use>\n      <\/svg>\n\n      <span>03. Januar 2024<\/span>\n    <\/time>\n    <div class=\"c-tease__authors\">\n      \n<div class=\"c-profile-group\">\n          \n    <div class=\"c-profile\" title=\"Hoa Ho\">\n                      \n    \n    \n    \n                                    \n                                        \n        \n        <div class=\"c-img c-img--bg c-profile__img\"\n             style=\"--img-aspect: 1;\">\n            <div class=\"c-img__wrapper \">\n                <div class=\"c-img__full u-lazy\" data-background-image-set=\"url(https:\/\/www.accounting-for-transparency.de\/wp-content\/uploads\/2022\/06\/Ho-128x0-c-default.png) 1x\"><\/div>\n                <div class=\"c-img__placeholder\"\n                     style=\"background-image: url('https:\/\/www.accounting-for-transparency.de\/wp-content\/uploads\/2022\/06\/Ho-32x0-c-default.png');\"><\/div>\n            <\/div>\n        <\/div>\n    \n                <\/div>\n          \n    <div class=\"c-profile\" title=\"Christian Hofmann\">\n                      \n    \n    \n    \n                                    \n                                        \n        \n        <div class=\"c-img c-img--bg c-profile__img\"\n             style=\"--img-aspect: 1;\">\n            <div class=\"c-img__wrapper \">\n                <div class=\"c-img__full u-lazy\" data-background-image-set=\"url(https:\/\/www.accounting-for-transparency.de\/wp-content\/uploads\/2020\/05\/Hofmann-128x0-c-default.png) 1x\"><\/div>\n                <div class=\"c-img__placeholder\"\n                     style=\"background-image: url('https:\/\/www.accounting-for-transparency.de\/wp-content\/uploads\/2020\/05\/Hofmann-32x0-c-default.png');\"><\/div>\n            <\/div>\n        <\/div>\n    \n                <\/div>\n          \n    <div class=\"c-profile\" title=\"Nina Schwaiger\">\n                      \n    \n    \n    \n                                    \n                                        \n        \n        <div class=\"c-img c-img--bg c-profile__img\"\n             style=\"--img-aspect: 1;\">\n            <div class=\"c-img__wrapper \">\n                <div class=\"c-img__full u-lazy\" data-background-image-set=\"url(https:\/\/www.accounting-for-transparency.de\/wp-content\/uploads\/2020\/05\/schwaiger-128x0-c-default.png) 1x\"><\/div>\n                <div class=\"c-img__placeholder\"\n                     style=\"background-image: url('https:\/\/www.accounting-for-transparency.de\/wp-content\/uploads\/2020\/05\/schwaiger-32x0-c-default.png');\"><\/div>\n            <\/div>\n        <\/div>\n    \n                <\/div>\n    <\/div>\n    <\/div>\n    <p class=\"c-tease__excerpt\">Die COVID-19-Pandemie hat Unternehmen auf unbekanntes Terrain gef\u00fchrt: ins Homeoffice. Online-Meetings und das Arbeiten von zu Hause waren pl\u00f6tzlich normal. Doch wie steuert man ein Unternehmen, wenn niemand mehr vor Ort und alles nur noch digital ist? Das haben die TRR 266-Forschenden Hoa Ho, Christian Hofmann&hellip;<\/p>\n    <a class=\"c-tease__link\" href=\"https:\/\/www.accounting-for-transparency.de\/de\/managementstrategien-waehrend-corona\/\">\n  <span>Weiterlesen<\/span>\n  <svg>\n    <use xlink:href=\"#arrow-right-long\"><\/use>\n  <\/svg>\n<\/a>\n  <\/div>\n              \n    \n                \n    \n    \n                                        \n        \n        <div class=\"c-img c-img--bg c-tease__img\"\n             style=\"\">\n            <div class=\"c-img__wrapper u-aspect u-aspect--50\">\n                <div class=\"c-img__full u-lazy\" data-background-image-set=\"url(https:\/\/www.accounting-for-transparency.de\/wp-content\/uploads\/2024\/01\/Blogtitelbild_15.12.23-640x0-c-default.png) 1x\"><\/div>\n                <div class=\"c-img__placeholder\"\n                     style=\"background-image: url('https:\/\/www.accounting-for-transparency.de\/wp-content\/uploads\/2024\/01\/Blogtitelbild_15.12.23-32x0-c-default.png'); filter: blur(0.25rem);\"><\/div>\n            <\/div>\n        <\/div>\n    \n  <\/article>\n                        <\/div>\n                                                                    \n                        \n                        <div class=\"swiper-slide trr-swiper__slide\">\n                            \n<article class=\"c-tease c-tease--pub\">\n  <h3 class=\"c-tease__title c-tease__title--pub\"><a href=\"https:\/\/www.accounting-for-transparency.de\/de\/publications\/the-covid-19-pandemic-and-management-controls\/\">The Covid-19 Pandemic and Management Controls<\/a><\/h3>\n      \n    <span class=\"c-tease__meta\">Accounting and Business Research<\/span>\n    <div class=\"c-tease__row\">\n    <small class=\"c-tease__sub\">\n                    <span class=\"c-tease__time\">2023<\/span>\n                    <span>Journal Publication<\/span>\n          <\/small>\n    <div class=\"c-tease__icons\">\n                      <?xml version=\"1.0\" encoding=\"UTF-8\"?> <svg xmlns=\"http:\/\/www.w3.org\/2000\/svg\" viewBox=\"0 0 235 235\"><g data-name=\"Rechteck 1\" fill=\"#e08230\" stroke=\"#c7732b\" stroke-width=\"2\"><rect width=\"235\" height=\"235\" rx=\"25\" stroke=\"none\"><\/rect><rect x=\"1\" y=\"1\" width=\"233\" height=\"233\" rx=\"24\" fill=\"none\"><\/rect><\/g><path data-name=\"Pfad 1\" d=\"M126.196 143.881a25.482 25.482 0 10-18.268 0l-17.166 44.748a73.389 73.389 0 1152.6 0l-17.166-44.748\" fill=\"#3da639\"><\/path><path data-name=\"Pfad 2\" d=\"M143.363 191.255a2.624 2.624 0 01-2.45-1.684l-17.167-44.746a2.625 2.625 0 011.509-3.391 22.858 22.858 0 10-16.387 0 2.625 2.625 0 011.509 3.391L93.21 189.57a2.624 2.624 0 01-3.39 1.51 76.052 76.052 0 01-43.73-98.244 76.012 76.012 0 01140.42-3.683 76.053 76.053 0 01-42.207 101.925 2.619 2.619 0 01-.94.174zm-26.326-142a70.821 70.821 0 00-27.768 135.939l15.313-39.916a28.1 28.1 0 1124.961 0l15.312 39.91a70.835 70.835 0 00-27.819-135.936z\" fill=\"#1d531d\"><\/path><path data-name=\"Pfad 3\" d=\"M182.421 180.657a4.957 4.957 0 003.51 8.439 4.713 4.713 0 003.478-1.459 4.839 4.839 0 001.443-3.518 4.787 4.787 0 00-1.435-3.461 4.847 4.847 0 00-7 0zm7.693 7.75a5.962 5.962 0 01-10.161-4.288 5.7 5.7 0 011.864-4.353 5.854 5.854 0 014.11-1.621 5.99 5.99 0 014.183 10.262zm-3.64-6.282a2.892 2.892 0 00-1.005-.138h-.422v1.921h.673a1.609 1.609 0 00.948-.243.9.9 0 00.34-.786.758.758 0 00-.535-.754zm-3.161 5.318v-6.624h1.844q1.228 0 1.366.012a3.186 3.186 0 011.305.34 1.668 1.668 0 01.884 1.581 1.456 1.456 0 01-.466 1.208 2.161 2.161 0 01-1.147.446 2.252 2.252 0 01.94.381 1.792 1.792 0 01.584 1.483v.592a1.568 1.568 0 00.012.195 1.01 1.01 0 00.045.195l.057.186h-1.654a4.692 4.692 0 01-.105-.916 2.985 2.985 0 00-.105-.811.8.8 0 00-.486-.486 1.94 1.94 0 00-.592-.105l-.381-.024h-.365v2.343z\" fill=\"#1d531d\"><\/path><\/svg> \n              <\/div>\n  <\/div>\n  \n<div class=\"c-profile-group\">\n          \n    <div class=\"c-profile\" title=\"Christian Hofmann\">\n                      \n    \n    \n    \n                                    \n                                        \n        \n        <div class=\"c-img c-img--bg c-profile__img\"\n             style=\"--img-aspect: 1;\">\n            <div class=\"c-img__wrapper \">\n                <div class=\"c-img__full u-lazy\" data-background-image-set=\"url(https:\/\/www.accounting-for-transparency.de\/wp-content\/uploads\/2020\/05\/Hofmann-128x0-c-default.png) 1x\"><\/div>\n                <div class=\"c-img__placeholder\"\n                     style=\"background-image: url('https:\/\/www.accounting-for-transparency.de\/wp-content\/uploads\/2020\/05\/Hofmann-32x0-c-default.png');\"><\/div>\n            <\/div>\n        <\/div>\n    \n                <\/div>\n          \n    <div class=\"c-profile\" title=\"Nina Schwaiger\">\n                      \n    \n    \n    \n                                    \n                                        \n        \n        <div class=\"c-img c-img--bg c-profile__img\"\n             style=\"--img-aspect: 1;\">\n            <div class=\"c-img__wrapper \">\n                <div class=\"c-img__full u-lazy\" data-background-image-set=\"url(https:\/\/www.accounting-for-transparency.de\/wp-content\/uploads\/2020\/05\/schwaiger-128x0-c-default.png) 1x\"><\/div>\n                <div class=\"c-img__placeholder\"\n                     style=\"background-image: url('https:\/\/www.accounting-for-transparency.de\/wp-content\/uploads\/2020\/05\/schwaiger-32x0-c-default.png');\"><\/div>\n            <\/div>\n        <\/div>\n    \n                <\/div>\n          \n    <div class=\"c-profile\" title=\"Hoa Ho\">\n                      \n    \n    \n    \n                                    \n                                        \n        \n        <div class=\"c-img c-img--bg c-profile__img\"\n             style=\"--img-aspect: 1;\">\n            <div class=\"c-img__wrapper \">\n                <div class=\"c-img__full u-lazy\" data-background-image-set=\"url(https:\/\/www.accounting-for-transparency.de\/wp-content\/uploads\/2022\/06\/Ho-128x0-c-default.png) 1x\"><\/div>\n                <div class=\"c-img__placeholder\"\n                     style=\"background-image: url('https:\/\/www.accounting-for-transparency.de\/wp-content\/uploads\/2022\/06\/Ho-32x0-c-default.png');\"><\/div>\n            <\/div>\n        <\/div>\n    \n                <\/div>\n    <\/div>\n  <a class=\"c-tease__link\" href=\"https:\/\/www.accounting-for-transparency.de\/de\/publications\/the-covid-19-pandemic-and-management-controls\/\">\n  <span>Weiterlesen<\/span>\n  <svg>\n    <use xlink:href=\"#arrow-right-long\"><\/use>\n  <\/svg>\n<\/a>\n<\/article>\n                        <\/div>\n                                    <\/div>\n            <\/div>\n\n                            <div class=\"trr-swiper__controls c-slider__controls\">\n                    <button class=\"trr-swiper__button trr-swiper__button--prev c-slider__arrow\">\n                        <svg class=\"c-icon c-icon--arrow\">\n                            <use xlink:href=\"#chevron-left\"><\/use>\n                        <\/svg>\n                    <\/button>\n                    <div class=\"trr-swiper__scrollbar swiper-scrollbar\">\n                    <\/div>\n                    <button class=\"trr-swiper__button trr-swiper__button--next c-slider__arrow\">\n                        <svg class=\"c-icon c-icon--arrow\">\n                            <use xlink:href=\"#chevron-right\"><\/use>\n                        <\/svg>\n                    <\/button>\n                <\/div>\n                    <\/div>\n    <\/div>\n<\/div>\n\n\n\n<div class=\"wp-block-column is-layout-flow wp-block-column-is-layout-flow\" style=\"flex-basis:5%\"><\/div>\n<\/div>\n\n\n\n<div style=\"height:100px\" aria-hidden=\"true\" class=\"wp-block-spacer\"><\/div>\n\n\n\n<div class=\"wp-block-columns alignfull is-layout-flex wp-container-core-columns-is-layout-9d6595d7 wp-block-columns-is-layout-flex\">\n<div class=\"wp-block-column is-layout-flow wp-block-column-is-layout-flow\" style=\"flex-basis:5%\"><\/div>\n\n\n\n<div class=\"wp-block-column is-layout-flow wp-block-column-is-layout-flow\" style=\"flex-basis:15%\">\n<figure class=\"wp-block-image size-full is-resized\"><a href=\"https:\/\/www.accounting-for-transparency.de\/projects\/transparency-effects-of-organizational-innovations\/\"><img loading=\"lazy\" decoding=\"async\" width=\"422\" height=\"422\" src=\"https:\/\/www.accounting-for-transparency.de\/wp-content\/uploads\/2024\/01\/vorlage_projet_icons13.png\" alt=\"\" class=\"wp-image-18495\" style=\"width:200px\" srcset=\"https:\/\/www.accounting-for-transparency.de\/wp-content\/uploads\/2024\/01\/vorlage_projet_icons13.png 422w, https:\/\/www.accounting-for-transparency.de\/wp-content\/uploads\/2024\/01\/vorlage_projet_icons13-300x300.png 300w, https:\/\/www.accounting-for-transparency.de\/wp-content\/uploads\/2024\/01\/vorlage_projet_icons13-150x150.png 150w, https:\/\/www.accounting-for-transparency.de\/wp-content\/uploads\/2024\/01\/vorlage_projet_icons13-32x32.png 32w\" sizes=\"auto, (max-width: 422px) 100vw, 422px\" \/><\/a><\/figure>\n<\/div>\n\n\n\n<div class=\"wp-block-column is-layout-flow wp-block-column-is-layout-flow\" style=\"flex-basis:30%\">\n<h3 class=\"wp-block-heading\" style=\"font-size:24px\"><strong>Job Crafting: Vor- und Nachteile f\u00fcr Unternehmen und Mitarbeitende<\/strong><\/h3>\n\n\n\n<p style=\"font-size:20px\">In den vergangenen Jahren und insbesondere w\u00e4hrend der Covid-19-Pandemie haben viele Unternehmen die Art und Weise der Arbeitsgestaltung ihrer Mitarbeitenden ver\u00e4ndert. W\u00e4hrend Unternehmen fr\u00fcher klare Vorgaben f\u00fcr die Arbeitsgestaltung gemacht haben, werden Mitarbeitende heute immer mehr dazu ermutigt, sich an der Gestaltung ihrer Arbeit &nbsp;zu beteiligen \u2013 und \u00fcber wichtige Merkmale selbst zu entscheiden. Zum Beispiel \u00fcber Art und Umfang der Aufgaben, die sie erledigen. Daf\u00fcr hat sich der Begriff &#8222;Job Crafting&#8220; etabliert. Forschende des Projekts A02 <a href=\"https:\/\/www.accounting-for-transparency.de\/projects\/transparency-effects-of-organizational-innovations\/\">\u201eTransparency Effects of Organizational Innovations\u201c<\/a> untersuchen, welche Kosten und Nutzen Job Crafting f\u00fcr Mitarbeitende und Unternehmen hat, wie eine Delegation der Arbeitsgestaltung an die Mitarbeitenden optimal gelingen kann und welche Rolle die Qualit\u00e4t der Leistungsmessung und leistungsabh\u00e4ngige Verg\u00fctungen dabei spielen.<\/p>\n<\/div>\n\n\n\n<div class=\"wp-block-column is-layout-flow wp-block-column-is-layout-flow\" style=\"flex-basis:5%\"><\/div>\n\n\n\n<div class=\"wp-block-column is-layout-flow wp-block-column-is-layout-flow\" style=\"flex-basis:30%\"><div id=\"block_a28ae624226b660da0a3221678d6c040\" class=\"c-block c-block--relations\">\n\n            <div class=\"trr-swiper trr-swiper--block\">\n            <div class=\"swiper trr-swiper__container\">\n                <div class=\"swiper-wrapper trr-swiper__wrapper\">\n                                                                    \n                        \n                        <div class=\"swiper-slide trr-swiper__slide\">\n                            \n<article class=\"c-tease c-tease--pub\">\n  <h3 class=\"c-tease__title c-tease__title--pub\"><a href=\"https:\/\/www.accounting-for-transparency.de\/de\/publications\/no-47-delegation-of-job-design-and-the-value-of-communication-with-imperfect-performance-measurement\/\">No. 47: Delegation of job design and the value of communication with imperfect performance measurement<\/a><\/h3>\n    <div class=\"c-tease__row\">\n    <small class=\"c-tease__sub\">\n                    <span class=\"c-tease__time\">2021<\/span>\n                    <span>Working Paper<\/span>\n          <\/small>\n    <div class=\"c-tease__icons\">\n          <svg>\n        <use xlink:href=\"#paper\"><\/use>\n      <\/svg>\n                      <?xml version=\"1.0\" encoding=\"UTF-8\"?> <svg xmlns=\"http:\/\/www.w3.org\/2000\/svg\" fill=\"none\" viewBox=\"0 0 235 235\"><path d=\"M210 0H25C11.193 0 0 11.193 0 25v185c0 13.807 11.193 25 25 25h185c13.807 0 25-11.193 25-25V25c0-13.807-11.193-25-25-25Z\" fill=\"#A8DADC\"><\/path><path d=\"M210 1H25C11.745 1 1 11.745 1 25v185c0 13.255 10.745 24 24 24h185c13.255 0 24-10.745 24-24V25c0-13.255-10.745-24-24-24Z\" stroke=\"#457B9D\" stroke-width=\"2\"><\/path><path d=\"M126.196 143.881a25.482 25.482 0 1 0-18.268 0l-17.166 44.748a73.39 73.39 0 1 1 52.6 0l-17.166-44.748Z\" fill=\"#F1FAEE\"><\/path><path d=\"M143.363 191.255a2.626 2.626 0 0 1-2.45-1.684l-17.167-44.746a2.627 2.627 0 0 1 1.509-3.391 22.86 22.86 0 1 0-30.669-25.506 22.86 22.86 0 0 0 14.282 25.506 2.625 2.625 0 0 1 1.509 3.391L93.21 189.57a2.62 2.62 0 0 1-2.38 1.683 2.615 2.615 0 0 1-1.01-.173A76.054 76.054 0 0 1 73.18 57.987a76.012 76.012 0 0 1 113.33 31.166 76.053 76.053 0 0 1-42.207 101.925c-.3.115-.619.174-.94.174v.003Zm-26.326-142a70.821 70.821 0 0 0-27.768 135.939l15.313-39.916a28.098 28.098 0 0 1-4.977-47.196 28.1 28.1 0 1 1 29.938 47.196l15.312 39.91a70.834 70.834 0 0 0-27.819-135.936l.001.003Z\" fill=\"#457B9D\"><\/path><path d=\"M182.421 180.657a4.955 4.955 0 0 0 3.51 8.439 4.714 4.714 0 0 0 3.478-1.459 4.844 4.844 0 0 0 1.443-3.518 4.778 4.778 0 0 0-1.435-3.461 4.855 4.855 0 0 0-3.5-1.494 4.845 4.845 0 0 0-3.5 1.494l.004-.001Zm7.693 7.75a5.963 5.963 0 0 1-10.161-4.288 5.699 5.699 0 0 1 1.864-4.353 5.853 5.853 0 0 1 4.11-1.621 5.99 5.99 0 0 1 4.183 10.262h.004Zm-3.64-6.282a2.876 2.876 0 0 0-1.005-.138h-.422v1.921h.673c.334.019.665-.066.948-.243a.904.904 0 0 0 .34-.786.759.759 0 0 0-.535-.754h.001Zm-3.161 5.318v-6.624h1.844c.819 0 1.274.004 1.366.012.454.019.899.135 1.305.34a1.662 1.662 0 0 1 .884 1.581 1.452 1.452 0 0 1-.466 1.208 2.154 2.154 0 0 1-1.147.446c.338.054.66.184.94.381a1.79 1.79 0 0 1 .584 1.483v.592c0 .065.004.13.012.195.009.066.024.132.045.195l.057.186h-1.654a4.702 4.702 0 0 1-.105-.916 3 3 0 0 0-.105-.811.803.803 0 0 0-.486-.486 1.925 1.925 0 0 0-.592-.105l-.381-.024h-.365v2.343l-1.736.004Z\" fill=\"#1D531D\"><\/path><\/svg> \n              <\/div>\n  <\/div>\n  \n<div class=\"c-profile-group c-profile-group--with-names\">\n          \n    <div class=\"c-profile c-profile--has-name\" title=\"Anja Sch\u00f6ttner\">\n                      \n    \n    \n    \n                                    \n                                        \n        \n        <div class=\"c-img c-img--bg c-profile__img\"\n             style=\"--img-aspect: 1.0610119047619;\">\n            <div class=\"c-img__wrapper \">\n                <div class=\"c-img__full u-lazy\" data-background-image-set=\"url(https:\/\/www.accounting-for-transparency.de\/wp-content\/uploads\/2020\/05\/Scho\u0308ttner-128x0-c-default.png) 1x\"><\/div>\n                <div class=\"c-img__placeholder\"\n                     style=\"background-image: url('https:\/\/www.accounting-for-transparency.de\/wp-content\/uploads\/2020\/05\/Scho\u0308ttner-32x0-c-default.png');\"><\/div>\n            <\/div>\n        <\/div>\n    \n                    <span class=\"c-name__title c-name__title--has-img\">Anja Sch\u00f6ttner<\/span>\n          <\/div>\n          \n    <div class=\"c-profile c-profile--has-name\" title=\"Anna Rohlfing-Bastian\">\n                      \n    \n    \n    \n                                    \n                                        \n        \n        <div class=\"c-img c-img--bg c-profile__img\"\n             style=\"--img-aspect: 0.99749373433584;\">\n            <div class=\"c-img__wrapper \">\n                <div class=\"c-img__full u-lazy\" data-background-image-set=\"url(https:\/\/www.accounting-for-transparency.de\/wp-content\/uploads\/2020\/05\/Rohlfing-Bastian-128x0-c-default.png) 1x\"><\/div>\n                <div class=\"c-img__placeholder\"\n                     style=\"background-image: url('https:\/\/www.accounting-for-transparency.de\/wp-content\/uploads\/2020\/05\/Rohlfing-Bastian-32x0-c-default.png');\"><\/div>\n            <\/div>\n        <\/div>\n    \n                    <span class=\"c-name__title c-name__title--has-img\">Anna Rohlfing-Bastian<\/span>\n          <\/div>\n    <\/div>\n  <a class=\"c-tease__link\" href=\"https:\/\/www.accounting-for-transparency.de\/de\/publications\/no-47-delegation-of-job-design-and-the-value-of-communication-with-imperfect-performance-measurement\/\">\n  <span>Weiterlesen<\/span>\n  <svg>\n    <use xlink:href=\"#arrow-right-long\"><\/use>\n  <\/svg>\n<\/a>\n<\/article>\n                        <\/div>\n                                    <\/div>\n            <\/div>\n\n                    <\/div>\n    <\/div>\n<\/div>\n\n\n\n<div class=\"wp-block-column is-layout-flow wp-block-column-is-layout-flow\" style=\"flex-basis:5%\"><\/div>\n<\/div>\n\n\n\n<div style=\"height:100px\" aria-hidden=\"true\" class=\"wp-block-spacer\"><\/div>\n\n\n\n<div style=\"height:37px\" aria-hidden=\"true\" class=\"wp-block-spacer\"><\/div>\n\n\n\n<h2 class=\"wp-block-heading\">Weitere Themen des TRR 266<\/h2>\n\n\n\n<div class=\"wp-block-columns is-layout-flex wp-container-core-columns-is-layout-9d6595d7 wp-block-columns-is-layout-flex\">\n<div class=\"wp-block-column is-layout-flow wp-block-column-is-layout-flow\"><div class=\"wp-block-image\">\n<figure class=\"aligncenter size-full is-resized\"><a href=\"https:\/\/www.accounting-for-transparency.de\/de\/ein-wirksames-steuersystem\/\"><img loading=\"lazy\" decoding=\"async\" width=\"422\" height=\"422\" src=\"https:\/\/www.accounting-for-transparency.de\/wp-content\/uploads\/2024\/01\/vorlage_projet_icons2-1.png\" alt=\"\" class=\"wp-image-18645\" style=\"width:150px;height:auto\" srcset=\"https:\/\/www.accounting-for-transparency.de\/wp-content\/uploads\/2024\/01\/vorlage_projet_icons2-1.png 422w, https:\/\/www.accounting-for-transparency.de\/wp-content\/uploads\/2024\/01\/vorlage_projet_icons2-1-300x300.png 300w, https:\/\/www.accounting-for-transparency.de\/wp-content\/uploads\/2024\/01\/vorlage_projet_icons2-1-150x150.png 150w, https:\/\/www.accounting-for-transparency.de\/wp-content\/uploads\/2024\/01\/vorlage_projet_icons2-1-32x32.png 32w\" sizes=\"auto, (max-width: 422px) 100vw, 422px\" \/><\/a><\/figure>\n<\/div>\n\n\n<p class=\"has-text-align-center has-medium-font-size\"><strong><a href=\"https:\/\/www.accounting-for-transparency.de\/de\/ein-wirksames-steuersystem\/\">Wirksames Steuersystem<\/a><\/strong><\/p>\n<\/div>\n\n\n\n<div class=\"wp-block-column is-layout-flow wp-block-column-is-layout-flow\"><div class=\"wp-block-image\">\n<figure class=\"aligncenter size-full is-resized\"><a href=\"https:\/\/www.accounting-for-transparency.de\/de\/nachhaltigkeit\/\"><img loading=\"lazy\" decoding=\"async\" width=\"422\" height=\"422\" src=\"https:\/\/www.accounting-for-transparency.de\/wp-content\/uploads\/2024\/01\/vorlage_projet_icons3-1.png\" alt=\"\" class=\"wp-image-18640\" style=\"width:150px;height:auto\" srcset=\"https:\/\/www.accounting-for-transparency.de\/wp-content\/uploads\/2024\/01\/vorlage_projet_icons3-1.png 422w, https:\/\/www.accounting-for-transparency.de\/wp-content\/uploads\/2024\/01\/vorlage_projet_icons3-1-300x300.png 300w, https:\/\/www.accounting-for-transparency.de\/wp-content\/uploads\/2024\/01\/vorlage_projet_icons3-1-150x150.png 150w, https:\/\/www.accounting-for-transparency.de\/wp-content\/uploads\/2024\/01\/vorlage_projet_icons3-1-32x32.png 32w\" sizes=\"auto, (max-width: 422px) 100vw, 422px\" \/><\/a><\/figure>\n<\/div>\n\n\n<p class=\"has-text-align-center has-medium-font-size\"><strong><a href=\"https:\/\/www.accounting-for-transparency.de\/de\/nachhaltigkeit\/\">Nachhaltigkeit<\/a><\/strong><\/p>\n<\/div>\n\n\n\n<div class=\"wp-block-column is-layout-flow wp-block-column-is-layout-flow\"><div class=\"wp-block-image\">\n<figure class=\"aligncenter size-full is-resized\"><a href=\"https:\/\/www.accounting-for-transparency.de\/de\/offenlegung\/\"><img loading=\"lazy\" decoding=\"async\" width=\"422\" height=\"422\" src=\"https:\/\/www.accounting-for-transparency.de\/wp-content\/uploads\/2024\/02\/vorlage_projet_icons4.png\" alt=\"\" class=\"wp-image-18891\" style=\"width:150px\" srcset=\"https:\/\/www.accounting-for-transparency.de\/wp-content\/uploads\/2024\/02\/vorlage_projet_icons4.png 422w, https:\/\/www.accounting-for-transparency.de\/wp-content\/uploads\/2024\/02\/vorlage_projet_icons4-300x300.png 300w, https:\/\/www.accounting-for-transparency.de\/wp-content\/uploads\/2024\/02\/vorlage_projet_icons4-150x150.png 150w, https:\/\/www.accounting-for-transparency.de\/wp-content\/uploads\/2024\/02\/vorlage_projet_icons4-32x32.png 32w\" sizes=\"auto, (max-width: 422px) 100vw, 422px\" \/><\/a><\/figure>\n<\/div>\n\n\n<p class=\"has-text-align-center has-medium-font-size\"><a href=\"https:\/\/www.accounting-for-transparency.de\/de\/offenlegung\/\"><strong>Offenlegung<\/strong><\/a><\/p>\n<\/div>\n\n\n\n<div class=\"wp-block-column is-layout-flow wp-block-column-is-layout-flow\"><div class=\"wp-block-image\">\n<figure class=\"aligncenter size-full is-resized\"><a href=\"https:\/\/www.accounting-for-transparency.de\/de\/globalen-probleme\/\"><img loading=\"lazy\" decoding=\"async\" width=\"422\" height=\"422\" src=\"https:\/\/www.accounting-for-transparency.de\/wp-content\/uploads\/2024\/02\/welt.png\" alt=\"\" class=\"wp-image-18817\" style=\"width:150px\" srcset=\"https:\/\/www.accounting-for-transparency.de\/wp-content\/uploads\/2024\/02\/welt.png 422w, https:\/\/www.accounting-for-transparency.de\/wp-content\/uploads\/2024\/02\/welt-300x300.png 300w, https:\/\/www.accounting-for-transparency.de\/wp-content\/uploads\/2024\/02\/welt-150x150.png 150w, https:\/\/www.accounting-for-transparency.de\/wp-content\/uploads\/2024\/02\/welt-32x32.png 32w\" sizes=\"auto, (max-width: 422px) 100vw, 422px\" \/><\/a><\/figure>\n<\/div>\n\n\n<p class=\"has-text-align-center\"><strong><a href=\"https:\/\/www.accounting-for-transparency.de\/de\/globalen-probleme\/\">Zur \u00dcbersichtsseite <br>der Forschungsthemen<\/a><\/strong><\/p>\n<\/div>\n<\/div>\n\n\n\n<div class=\"wp-block-columns is-layout-flex wp-container-core-columns-is-layout-9d6595d7 wp-block-columns-is-layout-flex\">\n<div class=\"wp-block-column is-layout-flow wp-block-column-is-layout-flow\"><\/div>\n\n\n\n<div class=\"wp-block-column is-layout-flow wp-block-column-is-layout-flow\"><\/div>\n<\/div>\n\n\n\n<div class=\"wp-block-columns is-layout-flex wp-container-core-columns-is-layout-9d6595d7 wp-block-columns-is-layout-flex\"><\/div>\n","protected":false},"excerpt":{"rendered":"<p>Erfolgreich durch die Krise Ob Covid-19-Pandemie, Ukraine-Krieg oder die Konflikte im Jemen und anderen Teilen der Welt \u2013 die Krisen der vergangenen Jahre haben viele Ver\u00e4nderungen mit sich gebracht und [&hellip;]<\/p>\n","protected":false},"author":8,"featured_media":0,"parent":0,"menu_order":14,"comment_status":"closed","ping_status":"closed","template":"tpl.gutenberg.php","meta":{"_acf_changed":false,"footnotes":""},"class_list":["post-19243","page","type-page","status-publish","hentry"],"acf":[],"yoast_head":"<!-- This site is optimized with the Yoast SEO plugin v27.2 - https:\/\/yoast.com\/product\/yoast-seo-wordpress\/ -->\n<title>Covid-19 und andere Krisen - TRR 266 Accounting for Transparency<\/title>\n<meta name=\"description\" content=\"Forschungsprojekt &quot;Accounting for Transparency&quot; zeigt die Effekte von covid-19 und anderen Krisen auf Steuern, Buchhaltung und Management\" \/>\n<meta name=\"robots\" content=\"index, follow, max-snippet:-1, max-image-preview:large, max-video-preview:-1\" \/>\n<link rel=\"canonical\" href=\"https:\/\/www.accounting-for-transparency.de\/de\/covid-19-und-andere-krisen\/\" \/>\n<meta property=\"og:locale\" content=\"de_DE\" \/>\n<meta property=\"og:type\" content=\"article\" \/>\n<meta property=\"og:title\" content=\"Covid-19 und andere Krisen - TRR 266 Accounting for Transparency\" \/>\n<meta property=\"og:description\" content=\"Forschungsprojekt &quot;Accounting for Transparency&quot; zeigt die Effekte von covid-19 und anderen Krisen auf Steuern, Buchhaltung und Management\" \/>\n<meta property=\"og:url\" content=\"https:\/\/www.accounting-for-transparency.de\/de\/covid-19-und-andere-krisen\/\" \/>\n<meta property=\"og:site_name\" content=\"TRR 266 Accounting for Transparency\" \/>\n<meta property=\"article:modified_time\" content=\"2026-03-13T14:59:45+00:00\" \/>\n<meta property=\"og:image\" content=\"https:\/\/www.accounting-for-transparency.de\/wp-content\/uploads\/2024\/01\/vorlage_projet_icons-1.png\" \/>\n\t<meta property=\"og:image:width\" content=\"422\" \/>\n\t<meta property=\"og:image:height\" content=\"422\" \/>\n\t<meta property=\"og:image:type\" content=\"image\/png\" \/>\n<meta name=\"twitter:card\" content=\"summary_large_image\" \/>\n<meta name=\"twitter:label1\" content=\"Gesch\u00e4tzte Lesezeit\" \/>\n\t<meta name=\"twitter:data1\" content=\"10\u00a0Minuten\" \/>\n<script type=\"application\/ld+json\" class=\"yoast-schema-graph\">{\"@context\":\"https:\/\/schema.org\",\"@graph\":[{\"@type\":\"WebPage\",\"@id\":\"https:\/\/www.accounting-for-transparency.de\/de\/covid-19-und-andere-krisen\/\",\"url\":\"https:\/\/www.accounting-for-transparency.de\/de\/covid-19-und-andere-krisen\/\",\"name\":\"Covid-19 und andere Krisen - TRR 266 Accounting for Transparency\",\"isPartOf\":{\"@id\":\"https:\/\/www.accounting-for-transparency.de\/de\/#website\"},\"primaryImageOfPage\":{\"@id\":\"https:\/\/www.accounting-for-transparency.de\/de\/covid-19-und-andere-krisen\/#primaryimage\"},\"image\":{\"@id\":\"https:\/\/www.accounting-for-transparency.de\/de\/covid-19-und-andere-krisen\/#primaryimage\"},\"thumbnailUrl\":\"https:\/\/www.accounting-for-transparency.de\/wp-content\/uploads\/2024\/01\/vorlage_projet_icons-1.png\",\"datePublished\":\"2024-04-17T15:50:10+00:00\",\"dateModified\":\"2026-03-13T14:59:45+00:00\",\"description\":\"Forschungsprojekt \\\"Accounting for Transparency\\\" zeigt die Effekte von covid-19 und anderen Krisen auf Steuern, Buchhaltung und Management\",\"breadcrumb\":{\"@id\":\"https:\/\/www.accounting-for-transparency.de\/de\/covid-19-und-andere-krisen\/#breadcrumb\"},\"inLanguage\":\"de\",\"potentialAction\":[{\"@type\":\"ReadAction\",\"target\":[\"https:\/\/www.accounting-for-transparency.de\/de\/covid-19-und-andere-krisen\/\"]}]},{\"@type\":\"ImageObject\",\"inLanguage\":\"de\",\"@id\":\"https:\/\/www.accounting-for-transparency.de\/de\/covid-19-und-andere-krisen\/#primaryimage\",\"url\":\"https:\/\/www.accounting-for-transparency.de\/wp-content\/uploads\/2024\/01\/vorlage_projet_icons-1.png\",\"contentUrl\":\"https:\/\/www.accounting-for-transparency.de\/wp-content\/uploads\/2024\/01\/vorlage_projet_icons-1.png\"},{\"@type\":\"BreadcrumbList\",\"@id\":\"https:\/\/www.accounting-for-transparency.de\/de\/covid-19-und-andere-krisen\/#breadcrumb\",\"itemListElement\":[{\"@type\":\"ListItem\",\"position\":1,\"name\":\"Home\",\"item\":\"https:\/\/www.accounting-for-transparency.de\/de\/\"},{\"@type\":\"ListItem\",\"position\":2,\"name\":\"Covid-19 und andere Krisen\"}]},{\"@type\":\"WebSite\",\"@id\":\"https:\/\/www.accounting-for-transparency.de\/de\/#website\",\"url\":\"https:\/\/www.accounting-for-transparency.de\/de\/\",\"name\":\"TRR 266 Accounting for Transparency\",\"description\":\"\",\"potentialAction\":[{\"@type\":\"SearchAction\",\"target\":{\"@type\":\"EntryPoint\",\"urlTemplate\":\"https:\/\/www.accounting-for-transparency.de\/de\/?s={search_term_string}\"},\"query-input\":{\"@type\":\"PropertyValueSpecification\",\"valueRequired\":true,\"valueName\":\"search_term_string\"}}],\"inLanguage\":\"de\"}]}<\/script>\n<!-- \/ Yoast SEO plugin. -->","yoast_head_json":{"title":"Covid-19 und andere Krisen - TRR 266 Accounting for Transparency","description":"Forschungsprojekt \"Accounting for Transparency\" zeigt die Effekte von covid-19 und anderen Krisen auf Steuern, Buchhaltung und Management","robots":{"index":"index","follow":"follow","max-snippet":"max-snippet:-1","max-image-preview":"max-image-preview:large","max-video-preview":"max-video-preview:-1"},"canonical":"https:\/\/www.accounting-for-transparency.de\/de\/covid-19-und-andere-krisen\/","og_locale":"de_DE","og_type":"article","og_title":"Covid-19 und andere Krisen - TRR 266 Accounting for Transparency","og_description":"Forschungsprojekt \"Accounting for Transparency\" zeigt die Effekte von covid-19 und anderen Krisen auf Steuern, Buchhaltung und Management","og_url":"https:\/\/www.accounting-for-transparency.de\/de\/covid-19-und-andere-krisen\/","og_site_name":"TRR 266 Accounting for Transparency","article_modified_time":"2026-03-13T14:59:45+00:00","og_image":[{"width":422,"height":422,"url":"https:\/\/www.accounting-for-transparency.de\/wp-content\/uploads\/2024\/01\/vorlage_projet_icons-1.png","type":"image\/png"}],"twitter_card":"summary_large_image","twitter_misc":{"Gesch\u00e4tzte Lesezeit":"10\u00a0Minuten"},"schema":{"@context":"https:\/\/schema.org","@graph":[{"@type":"WebPage","@id":"https:\/\/www.accounting-for-transparency.de\/de\/covid-19-und-andere-krisen\/","url":"https:\/\/www.accounting-for-transparency.de\/de\/covid-19-und-andere-krisen\/","name":"Covid-19 und andere Krisen - TRR 266 Accounting for Transparency","isPartOf":{"@id":"https:\/\/www.accounting-for-transparency.de\/de\/#website"},"primaryImageOfPage":{"@id":"https:\/\/www.accounting-for-transparency.de\/de\/covid-19-und-andere-krisen\/#primaryimage"},"image":{"@id":"https:\/\/www.accounting-for-transparency.de\/de\/covid-19-und-andere-krisen\/#primaryimage"},"thumbnailUrl":"https:\/\/www.accounting-for-transparency.de\/wp-content\/uploads\/2024\/01\/vorlage_projet_icons-1.png","datePublished":"2024-04-17T15:50:10+00:00","dateModified":"2026-03-13T14:59:45+00:00","description":"Forschungsprojekt \"Accounting for Transparency\" zeigt die Effekte von covid-19 und anderen Krisen auf Steuern, Buchhaltung und Management","breadcrumb":{"@id":"https:\/\/www.accounting-for-transparency.de\/de\/covid-19-und-andere-krisen\/#breadcrumb"},"inLanguage":"de","potentialAction":[{"@type":"ReadAction","target":["https:\/\/www.accounting-for-transparency.de\/de\/covid-19-und-andere-krisen\/"]}]},{"@type":"ImageObject","inLanguage":"de","@id":"https:\/\/www.accounting-for-transparency.de\/de\/covid-19-und-andere-krisen\/#primaryimage","url":"https:\/\/www.accounting-for-transparency.de\/wp-content\/uploads\/2024\/01\/vorlage_projet_icons-1.png","contentUrl":"https:\/\/www.accounting-for-transparency.de\/wp-content\/uploads\/2024\/01\/vorlage_projet_icons-1.png"},{"@type":"BreadcrumbList","@id":"https:\/\/www.accounting-for-transparency.de\/de\/covid-19-und-andere-krisen\/#breadcrumb","itemListElement":[{"@type":"ListItem","position":1,"name":"Home","item":"https:\/\/www.accounting-for-transparency.de\/de\/"},{"@type":"ListItem","position":2,"name":"Covid-19 und andere Krisen"}]},{"@type":"WebSite","@id":"https:\/\/www.accounting-for-transparency.de\/de\/#website","url":"https:\/\/www.accounting-for-transparency.de\/de\/","name":"TRR 266 Accounting for Transparency","description":"","potentialAction":[{"@type":"SearchAction","target":{"@type":"EntryPoint","urlTemplate":"https:\/\/www.accounting-for-transparency.de\/de\/?s={search_term_string}"},"query-input":{"@type":"PropertyValueSpecification","valueRequired":true,"valueName":"search_term_string"}}],"inLanguage":"de"}]}},"_links":{"self":[{"href":"https:\/\/www.accounting-for-transparency.de\/de\/wp-json\/wp\/v2\/pages\/19243","targetHints":{"allow":["GET"]}}],"collection":[{"href":"https:\/\/www.accounting-for-transparency.de\/de\/wp-json\/wp\/v2\/pages"}],"about":[{"href":"https:\/\/www.accounting-for-transparency.de\/de\/wp-json\/wp\/v2\/types\/page"}],"author":[{"embeddable":true,"href":"https:\/\/www.accounting-for-transparency.de\/de\/wp-json\/wp\/v2\/users\/8"}],"replies":[{"embeddable":true,"href":"https:\/\/www.accounting-for-transparency.de\/de\/wp-json\/wp\/v2\/comments?post=19243"}],"version-history":[{"count":135,"href":"https:\/\/www.accounting-for-transparency.de\/de\/wp-json\/wp\/v2\/pages\/19243\/revisions"}],"predecessor-version":[{"id":26402,"href":"https:\/\/www.accounting-for-transparency.de\/de\/wp-json\/wp\/v2\/pages\/19243\/revisions\/26402"}],"wp:attachment":[{"href":"https:\/\/www.accounting-for-transparency.de\/de\/wp-json\/wp\/v2\/media?parent=19243"}],"curies":[{"name":"wp","href":"https:\/\/api.w.org\/{rel}","templated":true}]}}